{"id":5336,"date":"2020-02-10T12:02:05","date_gmt":"2020-02-10T11:02:05","guid":{"rendered":"https:\/\/palazzoducale.genova.it\/audiogallery-2019\/"},"modified":"2020-09-24T09:06:54","modified_gmt":"2020-09-24T07:06:54","slug":"audiogallery-2019","status":"publish","type":"page","link":"https:\/\/palazzoducale.genova.it\/en\/ducale-media\/audiogallery-2019\/","title":{"rendered":"Audiogallery 2019"},"content":{"rendered":"\n<div class=\"wp-block-group alignwide py-3\"><div class=\"wp-block-group__inner-container is-layout-flow wp-block-group-is-layout-flow\">\n<div class=\"wp-block-columns is-layout-flex wp-container-core-columns-is-layout-9d6595d7 wp-block-columns-is-layout-flex\">\n<div class=\"wp-block-column col-md-5 col-lg-4 is-layout-flow wp-block-column-is-layout-flow\">\n<h2 class=\"wp-block-heading\">Anno<\/h2>\n\n\n\n<ul class=\"side-menu wp-block-list\">\n<li><a href=\"https:\/\/palazzoducale.genova.it\/ducale-media\/audiogallery\/\">2025<\/a><\/li>\n\n\n\n<li><a href=\"https:\/\/palazzoducale.genova.it\/ducale-media\/audiogallery-2024\/\">2024<\/a><\/li>\n\n\n\n<li><a href=\"https:\/\/palazzoducale.genova.it\/ducale-media\/audiogallery-2023\/\">2023<\/a><\/li>\n\n\n\n<li><a href=\"https:\/\/palazzoducale.genova.it\/ducale-media\/audiogallery-2022\/\">2022<\/a><\/li>\n\n\n\n<li><a href=\"https:\/\/palazzoducale.genova.it\/ducale-media\/audiogallery-2021\/\">2021<\/a><\/li>\n\n\n\n<li><a href=\"https:\/\/palazzoducale.genova.it\/audiogallery-2020\/\">2020<\/a><\/li>\n\n\n\n<li><a href=\"https:\/\/palazzoducale.genova.it\/audiogallery-2019\/\">2019<\/a><\/li>\n\n\n\n<li><a href=\"https:\/\/palazzoducale.genova.it\/audiogallery-2018\/\">2018<\/a><\/li>\n\n\n\n<li><a href=\"https:\/\/palazzoducale.genova.it\/audiogallery-2017\/\">2017<\/a><\/li>\n\n\n\n<li><a href=\"https:\/\/palazzoducale.genova.it\/audiogallery-2016\/\">2016<\/a><\/li>\n\n\n\n<li><a href=\"https:\/\/palazzoducale.genova.it\/audiogallery-2015\/\">2015<\/a><\/li>\n\n\n\n<li><a href=\"https:\/\/palazzoducale.genova.it\/audiogallery-2014\/\">2014<\/a><\/li>\n\n\n\n<li><a href=\"https:\/\/palazzoducale.genova.it\/audiogallery-2013\/\">2013<\/a><\/li>\n\n\n\n<li><a href=\"https:\/\/palazzoducale.genova.it\/audiogallery-2012\/\">2012<\/a><\/li>\n\n\n\n<li><a href=\"https:\/\/palazzoducale.genova.it\/audiogallery-2011\/\">2011<\/a><\/li>\n\n\n\n<li><a href=\"https:\/\/palazzoducale.genova.it\/audiogallery-2010\/\">2010<\/a><\/li>\n\n\n\n<li><a href=\"https:\/\/palazzoducale.genova.it\/audiogallery-2009\/\">2009<\/a><\/li>\n<\/ul>\n<\/div>\n\n\n\n<div class=\"wp-block-column col-md-9 col-lg-10 is-layout-flow wp-block-column-is-layout-flow\">\n<h2 class=\"wp-block-heading\"><strong>Allenatori<\/strong><\/h2>\n\n\n\n<figure class=\"wp-block-audio\"><audio controls preload=\"none\" src=\"\/audio\/2019\/allenatori\/20191209_lippi.mp3\" preload=\"none\"><\/audio><figcaption> 9.12.2019, Marcello Lippi<br> <a href=\"https:\/\/palazzoducale.genova.it\/audio\/2019\/allenatori\/20191209_lippi.mp3\">Per salvare l&#8217;mp3 clicca su tasto destro e salva<\/a> <\/figcaption><\/figure>\n\n\n\n<div style=\"height:100px\" aria-hidden=\"true\" class=\"wp-block-spacer\"><\/div>\n\n\n\n<figure class=\"wp-block-audio\"><audio controls preload=\"none\" src=\"\/audio\/2019\/20191210_genovapoeti.mp3\" preload=\"none\"><\/audio><figcaption> 10.12.2019, &#8220;Presentazione della rassegna Genova dei Poeti&#8221;<br> <a href=\"https:\/\/palazzoducale.genova.it\/audio\/2019\/20191210_genovapoeti.mp3\">Per salvare l&#8217;mp3 clicca su tasto destro e salva<\/a> <\/figcaption><\/figure>\n\n\n\n<div style=\"height:100px\" aria-hidden=\"true\" class=\"wp-block-spacer\"><\/div>\n\n\n\n<figure class=\"wp-block-audio\"><audio controls preload=\"none\" src=\"\/audio\/2019\/20191125_deaglio.mp3\" preload=\"none\"><\/audio><figcaption> 25.11.2019, Enrico Deaglio, &#8220;La bomba: cinquant&#8217;anni di piazza Fontana&#8221;<br> <a href=\"https:\/\/palazzoducale.genova.it\/audio\/2019\/20191125_deaglio.mp3\">Per salvare l&#8217;mp3 clicca su tasto destro e salva<\/a> <\/figcaption><\/figure>\n\n\n\n<p><br><\/p>\n\n\n\n<h2 class=\"wp-block-heading\"><strong>Sguardi contemporanei sull&#8217;arte del passato<\/strong><\/h2>\n\n\n\n<figure class=\"wp-block-audio\"><audio controls preload=\"none\" src=\"\/audio\/2019\/sguardi_arte\/20191118_difabio.mp3\" preload=\"none\"><\/audio><figcaption>18.11.2019, Clario Di Fabio, &#8220;Il nudo nel Medioevo. Punti di vista e significati&#8221;<br> <a href=\"https:\/\/palazzoducale.genova.it\/audio\/2019\/sguardi_arte\/20191118_difabio.mp3\">Per salvare l&#8217;mp3 clicca su tasto destro e salva<\/a> <\/figcaption><\/figure>\n\n\n\n<div style=\"height:100px\" aria-hidden=\"true\" class=\"wp-block-spacer\"><\/div>\n\n\n\n<h2 class=\"wp-block-heading\"><strong>L&#8217;economia entra in scena<\/strong><\/h2>\n\n\n\n<figure class=\"wp-block-audio\"><audio controls preload=\"none\" src=\"\/audio\/2019\/economia\/20191126_pittaluga.mp3\" preload=\"none\"><\/audio><figcaption> 26.11.2019, M. Morroni, E. Musso e G.B. Pittaluga, &#8220;Letture sceniche di testi narrativi, teatrali e di grandi economisti&#8221;<br> <a href=\"https:\/\/palazzoducale.genova.it\/audio\/2019\/economia\/20191126_pittaluga.mp3\">Per salvare l&#8217;mp3 clicca su tasto destro e salva<\/a> <\/figcaption><\/figure>\n\n\n\n<figure class=\"wp-block-audio\"><audio controls preload=\"none\" src=\"\/audio\/2019\/economia\/20191119_cottarelli.mp3\" preload=\"none\"><\/audio><figcaption> 19.11.2019, Carlo Cottarelli, &#8220;Come sarebbe il mondo senza il debito pubblico?&#8221;<br> <a href=\"https:\/\/palazzoducale.genova.it\/audio\/2019\/economia\/20191119_cottarelli.mp3\">Per salvare l&#8217;mp3 clicca su tasto destro e salva<\/a> <\/figcaption><\/figure>\n\n\n\n<figure class=\"wp-block-audio\"><audio controls preload=\"none\" src=\"\/audio\/2019\/economia\/20191112_felicori.mp3\" preload=\"none\"><\/audio><figcaption> 12.11.2019, Mauro Felicori, &#8220;Cultura. Le radici immateriali della ricchezza&#8221;<br> <a href=\"https:\/\/palazzoducale.genova.it\/audio\/2019\/economia\/20191112_felicori.mp3\">Per salvare l&#8217;mp3 clicca su tasto destro e salva<\/a> <\/figcaption><\/figure>\n\n\n\n<div style=\"height:100px\" aria-hidden=\"true\" class=\"wp-block-spacer\"><\/div>\n\n\n\n<h2 class=\"wp-block-heading\"><strong>Spazio e Societ\u00e0, Big November 5<\/strong><\/h2>\n\n\n\n<figure class=\"wp-block-audio\"><audio controls preload=\"none\" src=\"\/audio\/2019\/architetti\/20191203_pantaleo.mp3\" preload=\"none\"><\/audio><figcaption> 3.12.2019, Raul Pantaleo &#8211; TAMassociati, &#8220;Progettare necessario&#8221;<br> <a href=\"https:\/\/palazzoducale.genova.it\/audio\/2019\/architetti\/20191203_pantaleo.mp3\">Per salvare l&#8217;mp3 clicca su tasto destro e salva<\/a> <\/figcaption><\/figure>\n\n\n\n<figure class=\"wp-block-audio\"><audio controls preload=\"none\" src=\"\/audio\/2019\/architetti\/20191125_cucinella.mp3\" preload=\"none\"><\/audio><figcaption> 25.11.2019, Mario Cucinella, &#8220;Edifici sensibili: la lezione delle piante&#8221;<br> <a href=\"https:\/\/palazzoducale.genova.it\/audio\/2019\/architetti\/20191125_cucinella.mp3\">Per salvare l&#8217;mp3 clicca su tasto destro e salva<\/a> <\/figcaption><\/figure>\n\n\n\n<figure class=\"wp-block-audio\"><audio controls preload=\"none\" src=\"\/audio\/2019\/architetti\/20191111_boeri.mp3\" preload=\"none\"><\/audio><figcaption> 11.11.2019, Stefano Boeri, &#8220;Architettura e comunit\u00e0. Idee e progetti per un futuro istantaneo&#8221;<br> <a href=\"https:\/\/palazzoducale.genova.it\/audio\/2019\/architetti\/20191111_boeri.mp3\">Per salvare l&#8217;mp3 clicca su tasto destro e salva<\/a> <\/figcaption><\/figure>\n\n\n\n<div style=\"height:100px\" aria-hidden=\"true\" class=\"wp-block-spacer\"><\/div>\n\n\n\n<h2 class=\"wp-block-heading\"><strong>Religioni del terzo millennio<\/strong><\/h2>\n\n\n\n<figure class=\"wp-block-audio\"><audio controls preload=\"none\" src=\"\/audio\/2019\/religioni\/20191204_melloni.mp3\"><\/audio><figcaption>  4.12.2019, Alberto Melloni, &#8220;Il cattolicesimo sta finalmente diventando cristiano?&#8221;<br> <a href=\"https:\/\/palazzoducale.genova.it\/audio\/2019\/religioni\/20191204_melloni.mp3\">Per salvare l&#8217;mp3 clicca su tasto destro e salva<\/a> <\/figcaption><\/figure>\n\n\n\n<figure class=\"wp-block-audio\"><audio controls preload=\"none\" src=\"\/audio\/2019\/religioni\/20191120_pace.mp3\"><\/audio><figcaption> 20.11.2019, Enzo Pace, &#8220;La religione degli altri nell&#8217;Europa che cambia&#8221;<br> <a href=\"https:\/\/palazzoducale.genova.it\/audio\/2019\/religioni\/20191120_pace.mp3\">Per salvare l&#8217;mp3 clicca su tasto destro e salva<\/a> <\/figcaption><\/figure>\n\n\n\n<figure class=\"wp-block-audio\"><audio controls preload=\"none\" src=\"\/audio\/2019\/religioni\/20191105_caramore.mp3\"><\/audio><figcaption> 5.11.2019, Gabriella Caramore, &#8220;Dio: storia di una parola&#8221;<br> <a href=\"https:\/\/palazzoducale.genova.it\/audio\/2019\/religioni\/20191105_caramore.mp3\">Per salvare l&#8217;mp3 clicca su tasto destro e salva<\/a><\/figcaption><\/figure>\n\n\n\n<div style=\"height:100px\" aria-hidden=\"true\" class=\"wp-block-spacer\"><\/div>\n\n\n\n<h2 class=\"wp-block-heading\"><strong>\u2026come professione<\/strong><\/h2>\n\n\n\n<figure class=\"wp-block-audio\"><audio controls preload=\"none\" src=\"\/audio\/2019\/come_professione\/20191114_cacciari.mp3\"><\/audio><figcaption> 14.11.2019, Massimo Cacciari, La filosofia come professione<br> <a href=\"https:\/\/palazzoducale.genova.it\/audio\/2019\/come_professione\/20191114_cacciari.mp3\">Per salvare l&#8217;mp3 clicca su tasto destro e salva<\/a> <\/figcaption><\/figure>\n\n\n\n<figure class=\"wp-block-audio\"><audio controls preload=\"none\" src=\"\/audio\/2019\/come_professione\/20191023_zagrebelsky.mp3\"><\/audio><figcaption> 23.10.2019, Gustavo Zagrebelsky, Il diritto come professione<br> <a href=\"https:\/\/palazzoducale.genova.it\/audio\/2019\/come_professione\/20191023_zagrebelsky.mp3\">Per salvare l&#8217;mp3 clicca su tasto destro e salva<\/a> <\/figcaption><\/figure>\n\n\n\n<div style=\"height:100px\" aria-hidden=\"true\" class=\"wp-block-spacer\"><\/div>\n\n\n\n<h2 class=\"wp-block-heading\"><strong>Incontri collaterali alla mostra Anni 20<\/strong><\/h2>\n\n\n\n<figure class=\"wp-block-audio\"><audio controls preload=\"none\" src=\"\/audio\/2019\/anni20\/20191205_fochessati.mp3\"><\/audio><figcaption> 5.12.2019, Matteo Fochessati, &#8220;Volti del tempo. Figure, personaggi, ritratti&#8221;<br> <a href=\"https:\/\/palazzoducale.genova.it\/audio\/2019\/anni20\/20191205_fochessati.mp3\">Per salvare l&#8217;mp3 clicca su tasto destro e salva<\/a> <\/figcaption><\/figure>\n\n\n\n<figure class=\"wp-block-audio\"><audio controls preload=\"none\" src=\"\/audio\/2019\/anni20\/20191121_cortellessa.mp3\"><\/audio><figcaption> 21.11.2019, Andrea Cortellessa, &#8220;L&#8217;et\u00e0 ortopedica, la letteratura sfigurata dei reduci di guerra&#8221;<br> <a href=\"https:\/\/palazzoducale.genova.it\/audio\/2019\/anni20\/20191121_cortellessa.mp3\">Per salvare l&#8217;mp3 clicca su tasto destro e salva<\/a> <\/figcaption><\/figure>\n\n\n\n<figure class=\"wp-block-audio\"><audio controls preload=\"none\" src=\"\/audio\/2019\/anni20\/20191107_dogliani.mp3\"><\/audio><figcaption> 7.11.2019, Patrizia Dogliani, &#8220;Il panorama nazionale: storia e societ\u00e0&#8221;<br> <a href=\"https:\/\/palazzoducale.genova.it\/audio\/2019\/anni20\/20191107_dogliani.mp3\">Per salvare l&#8217;mp3 clicca su tasto destro e salva<\/a> <\/figcaption><\/figure>\n\n\n\n<figure class=\"wp-block-audio\"><audio controls preload=\"none\" src=\"\/audio\/2019\/anni20\/20191017_fasce.mp3\"><\/audio><figcaption> 17.10.2019, F. Fasce, &#8220;Modernit\u00e0 d&#8217;oltre Atlantico, l&#8217;Italia e la cultura statunitense negli anni Venti&#8221;<br> <a href=\"https:\/\/palazzoducale.genova.it\/audio\/2019\/anni20\/20191017_fasce.mp3\">Per salvare l&#8217;mp3 clicca su tasto destro e salva<\/a> <\/figcaption><\/figure>\n\n\n\n<div style=\"height:100px\" aria-hidden=\"true\" class=\"wp-block-spacer\"><\/div>\n\n\n\n<figure class=\"wp-block-audio\"><audio controls preload=\"none\" src=\"http:\/\/www.localhost\/palazzo-ducale\/audio\/2019\/20191016_calabro.mp3\"><\/audio><figcaption>16.10.2019, Antonio Calabr\u00f2 &#8220;Libert\u00e0 d\u2019informazione e sviluppo sostenibile&#8221;<br><a href=\"https:\/\/palazzoducale.genova.it\/audio\/2019\/20191016_calabro.mp3\">Per salvare l&#8217;mp3 clicca su tasto destro e salva<\/a><\/figcaption><\/figure>\n\n\n\n<div style=\"height:100px\" aria-hidden=\"true\" class=\"wp-block-spacer\"><\/div>\n\n\n\n<h2 class=\"wp-block-heading\">Tra il comico e la satira<\/h2>\n\n\n\n<figure class=\"wp-block-audio\"><audio controls preload=\"none\" src=\"https:\/\/palazzoducale.genova.it\/audio\/2019\/comico\/20191021_paolorossi.mp3\"><\/audio><figcaption>21.10.2019, Paolo Rossi &#8220;Moli\u00e8re e dintorni&#8221;<br><a href=\"https:\/\/palazzoducale.genova.it\/audio\/2019\/comico\/20191021_paolorossi.mp3\">Per salvare l&#8217;mp3 clicca su tasto destro e salva<\/a><\/figcaption><\/figure>\n\n\n\n<figure class=\"wp-block-audio\"><audio controls preload=\"none\" src=\"http:\/\/www.localhost\/palazzo-ducale\/audio\/2019\/comico\/20191014_bertolino.mp3\"><\/audio><figcaption>14.10.2019, Enrico Bertolino &#8220;Vi racconto e mi racconto&#8221;<br><a href=\"https:\/\/palazzoducale.genova.it\/audio\/2019\/comico\/20191014_bertolinopaolorossi.mp3\">Per salvare l&#8217;mp3 clicca su tasto destro e salva<\/a><\/figcaption><\/figure>\n\n\n\n<figure class=\"wp-block-audio\"><audio controls preload=\"none\" src=\"https:\/\/palazzoducale.genova.it\/audio\/2019\/comico\/20190930_solenghi.mp3\"><\/audio><figcaption>30.9.2019, Tullio Solenghi e Luca Bizzarri &#8220;Quanto ci diverte Govi&#8221;<br><a href=\"https:\/\/palazzoducale.genova.it\/audio\/2019\/comico\/20190930_solenghi.mp3\">Per salvare l&#8217;mp3 clicca su tasto destro e salva<\/a><\/figcaption><\/figure>\n\n\n\n<div style=\"height:100px\" aria-hidden=\"true\" class=\"wp-block-spacer\"><\/div>\n\n\n\n<figure class=\"wp-block-audio\"><audio controls preload=\"none\" src=\"https:\/\/www.localhost\/palazzo-ducale\/audio\/2019\/20190925_pres_programmaducale.mp3\"><\/audio><figcaption>25.9.2019, Presentazione del programma di Palazzo Ducale 2019-20<br><a href=\"https:\/\/www.localhost\/palazzo-ducale\/audio\/2019\/20190925_pres_programmaducale.mp3\">Per salvare l&#8217;mp3 clicca su tasto destro e salva<\/a><\/figcaption><\/figure>\n\n\n\n<div style=\"height:100px\" aria-hidden=\"true\" class=\"wp-block-spacer\"><\/div>\n\n\n\n<h2 class=\"wp-block-heading\">Cucina d&#8217;epoca<\/h2>\n\n\n\n<figure class=\"wp-block-audio\"><audio controls preload=\"none\" src=\"https:\/\/www.localhost\/palazzo-ducale\/audio\/2019\/cucina\/20190922_barbero.mp3\"><\/audio><figcaption>22.9.2019, Alessandro Barbero &#8220;A che ora si mangia?&#8221;<br><a href=\"http:\/\/www.localhost\/palazzo-ducale\/audio\/2019\/cucina\/20190922_barbero.mp3\">Per salvare l&#8217;mp3 clicca su tasto destro e salva<\/a><\/figcaption><\/figure>\n\n\n\n<figure class=\"wp-block-audio\"><audio controls preload=\"none\" src=\"https:\/\/www.localhost\/palazzo-ducale\/audio\/2019\/cucina\/20190922_capatti.mp3\"><\/audio><figcaption>22.9.2019, Alberto Capatti &#8220;Quando i vegetariani si chiamavano pitagorici&#8221;<br><a href=\"http:\/\/www.localhost\/palazzo-ducale\/audio\/2019\/cucina\/20190922_capatti.mp3\">Per salvare l&#8217;mp3 clicca su tasto destro e salva<\/a><\/figcaption><\/figure>\n\n\n\n<figure class=\"wp-block-audio\"><audio controls preload=\"none\" src=\"http:\/\/www.localhost\/palazzo-ducale\/audio\/2019\/cucina\/20190921_grappe.mp3\"><\/audio><figcaption>21.9.2019, Yann Grappe &#8220;L&#8217;invenzione del vino di territorio&#8221;<br><a href=\"http:\/\/www.localhost\/palazzo-ducale\/audio\/2019\/cucina\/20190921_grappe.mp3\">Per salvare l&#8217;mp3 clicca su tasto destro e salva<\/a><\/figcaption><\/figure>\n\n\n\n<figure class=\"wp-block-audio\"><audio controls preload=\"none\" src=\"http:\/\/www.localhost\/palazzo-ducale\/audio\/2019\/cucina\/20190921_ruozzi.mp3\"><\/audio><figcaption>21.9.2019, Gino Ruozzi &#8220;La cucina degli scrittori&#8221;<br><a href=\"http:\/\/www.localhost\/palazzo-ducale\/audio\/2019\/cucina\/20190921_ruozzi.mp3\">Per salvare l&#8217;mp3 clicca su tasto destro e salva<\/a><\/figcaption><\/figure>\n\n\n\n<figure class=\"wp-block-audio\"><audio controls preload=\"none\" src=\"http:\/\/www.localhost\/palazzo-ducale\/audio\/2019\/cucina\/20190921_montanari.mp3\"><\/audio><figcaption>21.9.2019, Massimo Montanari &#8220;Cambiano le idee, cambiano i sapori&#8221;<br><a href=\"http:\/\/www.localhost\/palazzo-ducale\/audio\/2019\/cucina\/20190921_montanari.mp3\">Per salvare l&#8217;mp3 clicca su tasto destro e salva<\/a><\/figcaption><\/figure>\n\n\n\n<figure class=\"wp-block-audio\"><audio controls preload=\"none\" src=\"http:\/\/www.localhost\/palazzo-ducale\/audio\/2019\/cucina\/20190921_perullo.mp3\"><\/audio><figcaption>21.9.2019, Nicola Perullo &#8220;Che cos&#8217;\u00e8 il gusto? Un&#8217;accanita discussione filosofica&#8221;<br><a href=\"http:\/\/www.localhost\/palazzo-ducale\/audio\/2019\/cucina\/20190921_perullo.mp3\">Per salvare l&#8217;mp3 clicca su tasto destro e salva<\/a><\/figcaption><\/figure>\n\n\n\n<figure class=\"wp-block-audio\"><audio controls preload=\"none\" src=\"https:\/\/www.localhost\/palazzo-ducale\/audio\/2019\/cucina\/20190921_gasparini.mp3\"><\/audio><figcaption>21.9.2019, Danilo Gasparini &#8220;Polentoni, mangiapatate e gourmet: oltre la fame, la cucina&#8221;<br><a href=\"http:\/\/www.localhost\/palazzo-ducale\/audio\/2019\/cucina\/20190921_gasparini.mp3\">Per salvare l&#8217;mp3 clicca su tasto destro e salva<\/a><\/figcaption><\/figure>\n\n\n\n<div style=\"height:100px\" aria-hidden=\"true\" class=\"wp-block-spacer\"><\/div>\n\n\n\n<figure class=\"wp-block-audio\"><audio controls preload=\"none\" src=\"https:\/\/www.localhost\/palazzo-ducale\/audio\/2019\/20190917_capussela.mp3\"><\/audio><figcaption>17.9.2019, Andrea Capussela &#8220;Declino, una storia italiana&#8221;<br><a href=\"https:\/\/www.localhost\/palazzo-ducale\/audio\/2019\/20190917_capussela.mp3\">Per salvare l&#8217;mp3 clicca su tasto destro e salva<\/a><\/figcaption><\/figure>\n\n\n\n<div style=\"height:100px\" aria-hidden=\"true\" class=\"wp-block-spacer\"><\/div>\n\n\n\n<figure class=\"wp-block-audio\"><audio controls preload=\"none\" src=\"https:\/\/www.localhost\/palazzo-ducale\/audio\/2019\/20190916_rampini.mp3\"><\/audio><figcaption>16.9.2019, Federico Rampini &#8220;L&#8217;oceano di mezzo&#8221;<br><a href=\"https:\/\/www.localhost\/palazzo-ducale\/audio\/2019\/20190916_rampini.mp3\">Per salvare l&#8217;mp3 clicca su tasto destro e salva<\/a><\/figcaption><\/figure>\n\n\n\n<div style=\"height:100px\" aria-hidden=\"true\" class=\"wp-block-spacer\"><\/div>\n\n\n\n<figure class=\"wp-block-audio\"><audio controls preload=\"none\" src=\"https:\/\/www.localhost\/palazzo-ducale\/audio\/2019\/20190621_cicconi.mp3\"><\/audio><figcaption>21.6.2019, Lorenzo Cicconi Massi &#8220;In aria&#8221;<br><a href=\"https:\/\/www.localhost\/palazzo-ducale\/audio\/2019\/20190916_rampini.mp3\">Per salvare l&#8217;mp3 clicca<\/a><a href=\"https:\/\/www.localhost\/palazzo-ducale\/audio\/2019\/20190621_cicconi.mp3\"> su tasto destro e salva<\/a><\/figcaption><\/figure>\n\n\n\n<div style=\"height:100px\" aria-hidden=\"true\" class=\"wp-block-spacer\"><\/div>\n\n\n\n<figure class=\"wp-block-audio\"><audio controls preload=\"none\" src=\"https:\/\/www.localhost\/palazzo-ducale\/audio\/2019\/20190523_limes.mp3\"><\/audio><figcaption>23.5.2019, Presentazione volume Limes &#8220;Antieuropa: l&#8217;impero europeo dell&#8217;America&#8221;<br><a href=\"https:\/\/www.localhost\/palazzo-ducale\/audio\/2019\/20190523_limes.mp3\">Per salvare l&#8217;mp3 clicca<\/a><a href=\"https:\/\/www.localhost\/palazzo-ducale\/audio\/2019\/20190621_cicconi.mp3\"> su tasto destro e salva<\/a><\/figcaption><\/figure>\n\n\n\n<div style=\"height:100px\" aria-hidden=\"true\" class=\"wp-block-spacer\"><\/div>\n\n\n\n<figure class=\"wp-block-audio\"><audio controls preload=\"none\" src=\"https:\/\/www.localhost\/palazzo-ducale\/audio\/2019\/20190515_magris.mp3\"><\/audio><figcaption>15.5.2019, Claudio Magris &#8220;Tempo di Magris&#8221;<br><a href=\"https:\/\/www.localhost\/palazzo-ducale\/audio\/2019\/20190515_magris.mp3\">Per salvare l&#8217;mp3 clicca su tasto destro e salva<\/a><\/figcaption><\/figure>\n\n\n\n<div style=\"height:100px\" aria-hidden=\"true\" class=\"wp-block-spacer\"><\/div>\n\n\n\n<h2 class=\"wp-block-heading\">Capolavori raccontati<\/h2>\n\n\n\n<figure class=\"wp-block-audio\"><audio controls preload=\"none\" src=\"https:\/\/www.localhost\/palazzo-ducale\/audio\/2019\/capolavori\/20190530_olcese.mp3\"><\/audio><figcaption>30.5.2019, Caterina Olcese Spingardi &#8220;Il monumento a Hermann Bauer di Leonardo Bistolfi: un capolavoro del Liberty&#8221;<br><a href=\"https:\/\/www.localhost\/palazzo-ducale\/audio\/2019\/capolavori\/20190530_olcese.mp3\">Per salvare l&#8217;mp3 clicca su tasto destro e salva<\/a><\/figcaption><\/figure>\n\n\n\n<figure class=\"wp-block-audio\"><audio controls preload=\"none\" src=\"https:\/\/www.localhost\/palazzo-ducale\/audio\/2019\/capolavori\/20190328_paolucci.mp3\"><\/audio><figcaption>28.3.2019, Antonio Paolucci &#8220;Il virtuosismo negli effetti speciali: Tintoretto e Tiepolo a confronto&#8221;<br><a href=\"https:\/\/www.localhost\/palazzo-ducale\/audio\/2019\/capolavori\/20190328_paolucci.mp3\">Per salvare l&#8217;mp3 clicca su tasto destro e salva<\/a><\/figcaption><\/figure>\n\n\n\n<figure class=\"wp-block-audio\"><audio controls preload=\"none\" src=\"https:\/\/www.localhost\/palazzo-ducale\/audio\/2019\/capolavori\/20190321_zuffi.mp3\"><\/audio><figcaption>21.3.2019, Stefano Zuffi &#8220;Il virtuosismo della prospettiva: Ambasciatori di Hans Holbein&#8221;<br><a href=\"https:\/\/www.localhost\/palazzo-ducale\/audio\/2019\/capolavori\/20190321_zuffi.mp3\">Per salvare l&#8217;mp3 clicca su tasto destro e salva<\/a><\/figcaption><\/figure>\n\n\n\n<figure class=\"wp-block-audio\"><audio controls preload=\"none\" src=\"https:\/\/www.localhost\/palazzo-ducale\/audio\/2019\/capolavori\/20190314_boccardo.mp3\"><\/audio><figcaption>14.3.2019, Piero Boccardo &#8220;Il virtuosismo negli spazi: la Volta Barberini di Piero Cortona&#8221;<br><a href=\"https:\/\/www.localhost\/palazzo-ducale\/audio\/2019\/capolavori\/20190314_boccardo.mp3\">Per salvare l&#8217;mp3 clicca su tasto destro e salva<\/a><\/figcaption><\/figure>\n\n\n\n<figure class=\"wp-block-audio\"><audio controls preload=\"none\" src=\"https:\/\/www.localhost\/palazzo-ducale\/audio\/2019\/capolavori\/20190307_acidini.mp3\"><\/audio><figcaption>7.3.2019, Cristina Acidini &#8220;Il virtuosismo negli affreschi: La cavalcata dei Magi di Benozzo Gozzoli&#8221;<br><a href=\"https:\/\/www.localhost\/palazzo-ducale\/audio\/2019\/capolavori\/20190307_acidini.mp3\">Per salvare l&#8217;mp3 clicca su tasto destro e salva<\/a><\/figcaption><\/figure>\n\n\n\n<figure class=\"wp-block-audio\"><audio controls preload=\"none\" src=\"https:\/\/www.localhost\/palazzo-ducale\/audio\/2019\/capolavori\/20190228_carminati.mp3\"><\/audio><figcaption>28.2.2019, Marco Carminati &#8220;Il virtuosismo nel marmo: il Cristo Velato di Giuseppe Sanmartino&#8221;<br><a href=\"https:\/\/www.localhost\/palazzo-ducale\/audio\/2019\/capolavori\/20190228_carminati.mp3\">Per salvare l&#8217;mp3 clicca su tasto destro e salva<\/a><\/figcaption><\/figure>\n\n\n\n<figure class=\"wp-block-audio\"><audio controls preload=\"none\" src=\"https:\/\/www.localhost\/palazzo-ducale\/audio\/2019\/capolavori\/20190221_beltramini.mp3\"><\/audio><figcaption>21.2.2019, Guido Beltramini &#8220;Il virtuosismo nelle regole: il Teatro Olimpico di Palladio&#8221;<br><a href=\"https:\/\/www.localhost\/palazzo-ducale\/audio\/2019\/capolavori\/20190221_beltramini.mp3\">Per salvare l&#8217;mp3 clicca su tasto destro e salva<\/a><\/figcaption><\/figure>\n\n\n\n<figure class=\"wp-block-audio\"><audio controls preload=\"none\" src=\"https:\/\/www.localhost\/palazzo-ducale\/audio\/2019\/capolavori\/20190214_settis.mp3\"><\/audio><figcaption>14.2.2019, Salvatore Settis &#8220;Il virtuosismo nelle allegorie: La Tempesta di Giorgione&#8221;<br><a href=\"https:\/\/www.localhost\/palazzo-ducale\/audio\/2019\/capolavori\/20190214_settis.mp3\">Per salvare l&#8217;mp3 clicca su tasto destro e salva<\/a><\/figcaption><\/figure>\n\n\n\n<div style=\"height:100px\" aria-hidden=\"true\" class=\"wp-block-spacer\"><\/div>\n\n\n\n<h2 class=\"wp-block-heading\">Superba bellezza<\/h2>\n\n\n\n<figure class=\"wp-block-audio\"><audio controls preload=\"none\" src=\"https:\/\/www.localhost\/palazzo-ducale\/audio\/2019\/superba_bellezza\/20190523_boggero.mp3\"><\/audio><figcaption>23.5.2019, Franco Boggero &#8220;Gli affreschi di Giambattista Carlone in San Siro: un cantiere senza fine&#8221;<br><a href=\"https:\/\/www.localhost\/palazzo-ducale\/audio\/2019\/superba_bellezza\/20190523_boggero.mp3\">Per salvare l&#8217;mp3 clicca su tasto destro e salva<\/a><\/figcaption><\/figure>\n\n\n\n<figure class=\"wp-block-audio\"><audio controls preload=\"none\" src=\"https:\/\/www.localhost\/palazzo-ducale\/audio\/2019\/superba_bellezza\/20190516_galassi.mp3\"><\/audio><figcaption>16.5.2019, Maria Clelia Galassi &#8220;L&#8217;Adorazione dei Magi di Joos van Cleve, il Leonardo del nord&#8221;<br><a href=\"https:\/\/www.localhost\/palazzo-ducale\/audio\/2019\/superba_bellezza\/20190516_galassi.mp3\">Per salvare l&#8217;mp3 clicca su tasto destro e salva<\/a><\/figcaption><\/figure>\n\n\n\n<figure class=\"wp-block-audio\"><audio controls preload=\"none\" src=\"https:\/\/www.localhost\/palazzo-ducale\/audio\/2019\/superba_bellezza\/20190509_difabio.mp3\"><\/audio><figcaption>9.5.2019, Clario Di Fabio &#8220;L&#8217;arca quattrocentesca del Battista: una cattedrale d&#8217;oro e d&#8217;argento&#8221;<br><a href=\"https:\/\/www.localhost\/palazzo-ducale\/audio\/2019\/superba_bellezza\/20190509_difabio.mp3\">Per salvare l&#8217;mp3 clicca su tasto destro e salva<\/a><\/figcaption><\/figure>\n\n\n\n<div style=\"height:100px\" aria-hidden=\"true\" class=\"wp-block-spacer\"><\/div>\n\n\n\n<h2 class=\"wp-block-heading\">Intorno a Giorgio de Chirico<\/h2>\n\n\n\n<figure class=\"wp-block-audio\"><audio controls preload=\"none\" src=\"https:\/\/www.localhost\/palazzo-ducale\/audio\/2019\/dechirico\/20190529_lecci.mp3\"><\/audio><figcaption>29.5.2019, Leo Lecci &#8220;Altre Metafisiche: Carr\u00e0, Savinio, Sironi e altri&#8221;<br><a href=\"https:\/\/www.localhost\/palazzo-ducale\/audio\/2019\/dechirico\/20190529_lecci.mp3\">Per salvare l&#8217;mp3 clicca su tasto destro e salva<\/a><\/figcaption><\/figure>\n\n\n\n<figure class=\"wp-block-audio\"><audio controls preload=\"none\" src=\"https:\/\/www.localhost\/palazzo-ducale\/audio\/2019\/dechirico\/20190522_dottori.mp3\"><\/audio><figcaption>22.5.2019, Riccardo Dottori &#8220;Immagini metafisiche: Giorgio de Chirico e la lettura di Friedrich Nietzsche&#8221;<br><a href=\"https:\/\/www.localhost\/palazzo-ducale\/audio\/2019\/dechirico\/20190522_dottori.mp3\">Per salvare l&#8217;mp3 clicca su tasto destro e salva<\/a><\/figcaption><\/figure>\n\n\n\n<figure class=\"wp-block-audio\"><audio controls preload=\"none\" src=\"https:\/\/www.localhost\/palazzo-ducale\/audio\/2019\/dechirico\/20190508_noeljohnson.mp3\"><\/audio><figcaption>8.5.2019, Victoria Noel-Johnson &#8220;Il viaggio senza fine. Giorgio de Chirico e l&#8217;arte metafisica (1910-1978)&#8221;<br><a href=\"https:\/\/www.localhost\/palazzo-ducale\/audio\/2019\/dechirico\/20190508_noeljohnson.mp3\">Per salvare l&#8217;mp3 clicca su tasto destro e salva<\/a><\/figcaption><\/figure>\n\n\n\n<div style=\"height:100px\" aria-hidden=\"true\" class=\"wp-block-spacer\"><\/div>\n\n\n\n<h2 class=\"wp-block-heading\">Genova, citt\u00e0 e architettura nel &#8216;900<\/h2>\n\n\n\n<figure class=\"wp-block-audio\"><audio controls preload=\"none\" src=\"https:\/\/www.localhost\/palazzo-ducale\/audio\/2019\/architettura_900\/20190617_porcile.mp3\"><\/audio><figcaption>17.6.2019, Gian Luca Porcile &#8220;Una modernit\u00e0 nuova&#8221;<br><a href=\"https:\/\/www.localhost\/palazzo-ducale\/audio\/2019\/architettura_900\/20190617_porcile.mp3\">Per salvare l&#8217;mp3 clicca su tasto destro e salva<\/a><\/figcaption><\/figure>\n\n\n\n<figure class=\"wp-block-audio\"><audio controls preload=\"none\" src=\"https:\/\/www.localhost\/palazzo-ducale\/audio\/2019\/architettura_900\/20190604_bona.mp3\"><\/audio><figcaption>4.6.2019, Enrico D. Bona &#8220;Genova per noi&#8221;<br><a href=\"https:\/\/www.localhost\/palazzo-ducale\/audio\/2019\/architettura_900\/20190604_bona.mp3\">Per salvare l&#8217;mp3 clicca su tasto destro e salva<\/a><\/figcaption><\/figure>\n\n\n\n<figure class=\"wp-block-audio\"><audio controls preload=\"none\" src=\"https:\/\/www.localhost\/palazzo-ducale\/audio\/2019\/architettura_900\/20190527_lavarello.mp3\"><\/audio><figcaption>27.5.2019, Antonio Lavarello &#8220;Genova ricostruita&#8221;<br><a href=\"https:\/\/www.localhost\/palazzo-ducale\/audio\/2019\/architettura_900\/20190527_lavarello.mp3\">Per salvare l&#8217;mp3 clicca su tasto destro e salva<\/a><\/figcaption><\/figure>\n\n\n\n<figure class=\"wp-block-audio\"><audio controls preload=\"none\" src=\"https:\/\/www.localhost\/palazzo-ducale\/audio\/2019\/architettura_900\/20190513_rosadini.mp3\"><\/audio><figcaption>13.5.2019, Francesco Rosadini &#8220;Genova razionalista&#8221;<br><a href=\"https:\/\/www.localhost\/palazzo-ducale\/audio\/2019\/architettura_900\/20190513_rosadini.mp3\">Per salvare l&#8217;mp3 clicca su tasto destro e salva<\/a><br><\/figcaption><\/figure>\n\n\n\n<figure class=\"wp-block-audio\"><audio controls preload=\"none\" src=\"https:\/\/www.localhost\/palazzo-ducale\/audio\/2019\/architettura_900\/20190430_ravera.mp3\"><\/audio><figcaption>30.4.2019, Alessandro Ravera &#8220;Le diverse anime del Moderno a Genova&#8221;<br><a href=\"https:\/\/www.localhost\/palazzo-ducale\/audio\/2019\/architettura_900\/20190430_ravera.mp3\">Per salvare l&#8217;mp3 clicca su tasto destro e salva<\/a><\/figcaption><\/figure>\n\n\n\n<figure class=\"wp-block-audio\"><audio controls preload=\"none\" src=\"https:\/\/www.localhost\/palazzo-ducale\/audio\/2019\/architettura_900\/20190408_baccani.mp3\"><\/audio><figcaption>8.4.2019, Jacopo Baccani &#8220;Genova ottimista&#8221;<br><a href=\"https:\/\/www.localhost\/palazzo-ducale\/audio\/2019\/architettura_900\/20190408_baccani.mp3\">Per salvare l&#8217;mp3 clicca su tasto destro e salva<\/a><\/figcaption><\/figure>\n\n\n\n<div style=\"height:100px\" aria-hidden=\"true\" class=\"wp-block-spacer\"><\/div>\n\n\n\n<h2 class=\"wp-block-heading\">Libro piccolo<\/h2>\n\n\n\n<figure class=\"wp-block-audio\"><audio controls preload=\"none\" src=\"https:\/\/www.localhost\/palazzo-ducale\/audio\/2019\/libro_piccolo\/20190505_belardinelli_bidussa.mp3\"><\/audio><figcaption>5.5.2019, Sergio Belardinelli e David Bidussa &#8220;Europa. L&#8217;alba di un mondo nuovo&#8221; e Conclusioni<br><a href=\"https:\/\/www.localhost\/palazzo-ducale\/audio\/2019\/libro_piccolo\/20190505_belardinelli_bidussa.mp3\">Per salvare l&#8217;mp3 clicca su tasto destro e salva<\/a><\/figcaption><\/figure>\n\n\n\n<figure class=\"wp-block-audio\"><audio controls preload=\"none\" src=\"https:\/\/www.localhost\/palazzo-ducale\/audio\/2019\/libro_piccolo\/20190505_favole.mp3\"><\/audio><figcaption>5.5.2019, Adriano Favole &#8220;Europa. Vie di fuga&#8221;<br><a href=\"https:\/\/www.localhost\/palazzo-ducale\/audio\/2019\/libro_piccolo\/20190505_favole.mp3\">Per salvare l&#8217;mp3 clicca su tasto destro e salva<\/a><\/figcaption><\/figure>\n\n\n\n<figure class=\"wp-block-audio\"><audio controls preload=\"none\" src=\"https:\/\/www.localhost\/palazzo-ducale\/audio\/2019\/libro_piccolo\/20190505_rossi.mp3\"><\/audio><figcaption>5.5.2019, Nicola Rossi &#8220;Sviluppo. Flat Tax&#8221;<br><a href=\"https:\/\/www.localhost\/palazzo-ducale\/audio\/2019\/libro_piccolo\/20190505_rossi.mp3\">Per salvare l&#8217;mp3 clicca su tasto destro e salva<\/a><\/figcaption><\/figure>\n\n\n\n<figure class=\"wp-block-audio\"><audio controls preload=\"none\" src=\"https:\/\/www.localhost\/palazzo-ducale\/audio\/2019\/libro_piccolo\/20190505_vogelmann.mp3\"><\/audio><figcaption>5.5.2019, Daniel Vogelmann &#8220;Identit\u00e0. Piccola autobiografia di mio padre&#8221;<br><a href=\"https:\/\/www.localhost\/palazzo-ducale\/audio\/2019\/libro_piccolo\/20190505_vogelmann.mp3\">Per salvare l&#8217;mp3 clicca su tasto destro e salva<\/a><\/figcaption><\/figure>\n\n\n\n<figure class=\"wp-block-audio\"><audio controls preload=\"none\" src=\"https:\/\/www.localhost\/palazzo-ducale\/audio\/2019\/libro_piccolo\/20190505_bettini.mp3\"><\/audio><figcaption>5.5.2019, Maurizio Bettini &#8220;Identit\u00e0. Homo sum&#8221;<br><a href=\"https:\/\/www.localhost\/palazzo-ducale\/audio\/2019\/libro_piccolo\/20190505_bettini.mp3\">Per salvare l&#8217;mp3 clicca su tasto destro e salva<\/a><\/figcaption><\/figure>\n\n\n\n<figure class=\"wp-block-audio\"><audio controls preload=\"none\" src=\"https:\/\/www.localhost\/palazzo-ducale\/audio\/2019\/libro_piccolo\/20190504_rocca.mp3\"><\/audio><figcaption>4.5.2019, Christian Rocca &#8220;Citt\u00e0 oggi. Chiudete internet&#8221;<br><a href=\"https:\/\/www.localhost\/palazzo-ducale\/audio\/2019\/libro_piccolo\/20190504_rocca.mp3\">Per salvare l&#8217;mp3 clicca su tasto destro e salva<\/a><\/figcaption><\/figure>\n\n\n\n<figure class=\"wp-block-audio\"><audio controls preload=\"none\" src=\"https:\/\/www.localhost\/palazzo-ducale\/audio\/2019\/libro_piccolo\/20190504_lacecla.mp3\"><\/audio><figcaption>4.5.2019, Franco La Cecla &#8220;Citt\u00e0 oggi. La vocazione politica della filosofia&#8221;<br><a href=\"https:\/\/www.localhost\/palazzo-ducale\/audio\/2019\/libro_piccolo\/20190504_lacecla.mp3\">Per salvare l&#8217;mp3 clicca su tasto destro e salva<\/a><\/figcaption><\/figure>\n\n\n\n<figure class=\"wp-block-audio\"><audio controls preload=\"none\" src=\"https:\/\/www.localhost\/palazzo-ducale\/audio\/2019\/libro_piccolo\/20190504_dicesare.mp3\"><\/audio><figcaption>4.5.2019, Donatella Di Cesare &#8220;Citt\u00e0 oggi. La vocazione politica della filosofia&#8221;<br><a href=\"https:\/\/www.localhost\/palazzo-ducale\/audio\/2019\/libro_piccolo\/20190504_dicesare.mp3\">Per salvare l&#8217;mp3 clicca su tasto destro e salva<\/a><\/figcaption><\/figure>\n\n\n\n<figure class=\"wp-block-audio\"><audio controls preload=\"none\" src=\"https:\/\/www.localhost\/palazzo-ducale\/audio\/2019\/libro_piccolo\/20190504_galli.mp3\"><\/audio><figcaption>4.5.2019, Carlo Galli &#8220;Nazione. Sovranit\u00e0. Contro l&#8217;utopia della politica liquida&#8221;<br><a href=\"https:\/\/www.localhost\/palazzo-ducale\/audio\/2019\/libro_piccolo\/20190504_galli.mp3\">Per salvare l&#8217;mp3 clicca su tasto destro e salva<\/a><\/figcaption><\/figure>\n\n\n\n<figure class=\"wp-block-audio\"><audio controls preload=\"none\" src=\"https:\/\/www.localhost\/palazzo-ducale\/audio\/2019\/libro_piccolo\/20190504_allegranti.mp3\"><\/audio><figcaption>4.5.2019, David Allegranti &#8220;Nazione. Come si diventa leghisti&#8221;<br><a href=\"https:\/\/www.localhost\/palazzo-ducale\/audio\/2019\/libro_piccolo\/20190504_allegranti.mp3\">Per salvare l&#8217;mp3 clicca su tasto destro e salva<\/a><\/figcaption><\/figure>\n\n\n\n<figure class=\"wp-block-audio\"><audio controls preload=\"none\" src=\"https:\/\/www.localhost\/palazzo-ducale\/audio\/2019\/libro_piccolo\/20190504_monferrini.mp3\"><\/audio><figcaption>4.5.2019, Michela Monferrini &#8220;Confine, muri maestri&#8221;<br><a href=\"https:\/\/www.localhost\/palazzo-ducale\/audio\/2019\/libro_piccolo\/20190504_monferrini.mp3\">Per salvare l&#8217;mp3 clicca su tasto destro e salva<\/a><\/figcaption><\/figure>\n\n\n\n<figure class=\"wp-block-audio\"><audio controls preload=\"none\" src=\"https:\/\/www.localhost\/palazzo-ducale\/audio\/2019\/libro_piccolo\/20190504_biale.mp3\"><\/audio><figcaption>4.5.2019, Enrico Biale &#8220;Destra\/Sinistra, agenda progressista&#8221;<br><a href=\"https:\/\/www.localhost\/palazzo-ducale\/audio\/2019\/libro_piccolo\/20190504_biale.mp3\">Per salvare l&#8217;mp3 clicca su tasto destro e salva<\/a><\/figcaption><\/figure>\n\n\n\n<figure class=\"wp-block-audio\"><audio controls preload=\"none\" src=\"https:\/\/www.localhost\/palazzo-ducale\/audio\/2019\/libro_piccolo\/20190503_remotti.mp3\"><\/audio><figcaption>3.5.2019, Francesco Remotti &#8220;Identit\u00e0, somiglianze&#8221;<br><a href=\"https:\/\/www.localhost\/palazzo-ducale\/audio\/2019\/libro_piccolo\/20190503_remotti.mp3\">Per salvare l&#8217;mp3 clicca su tasto destro e salva<\/a><\/figcaption><\/figure>\n\n\n\n<figure class=\"wp-block-audio\"><audio controls preload=\"none\" src=\"https:\/\/www.localhost\/palazzo-ducale\/audio\/2019\/libro_piccolo\/20190503_bidussa.mp3\"><\/audio><figcaption>3.5.2019, David Bidussa &#8220;La forza del libropiccolo&#8221;<br><a href=\"https:\/\/www.localhost\/palazzo-ducale\/audio\/2019\/libro_piccolo\/20190503_bidussa.mp3\">Per salvare l&#8217;mp3 clicca su tasto destro e salva<\/a><\/figcaption><\/figure>\n\n\n\n<div style=\"height:100px\" aria-hidden=\"true\" class=\"wp-block-spacer\"><\/div>\n\n\n\n<h2 class=\"wp-block-heading\">La Storia in Piazza<\/h2>\n\n\n\n<figure class=\"wp-block-audio\"><audio controls preload=\"none\" src=\"https:\/\/www.localhost\/palazzo-ducale\/audio\/2019\/sip\/20190407_canfora.mp3\"><\/audio><figcaption>7.4.2019, Luciano Canfora &#8220;Il futuro dell&#8217;utopia&#8221;<br><a href=\"https:\/\/www.localhost\/palazzo-ducale\/audio\/2019\/sip\/20190407_canfora.mp3\">Per salvare l&#8217;mp3 clicca su tasto destro e salva<\/a><\/figcaption><\/figure>\n\n\n\n<figure class=\"wp-block-audio\"><audio controls preload=\"none\" src=\"https:\/\/www.localhost\/palazzo-ducale\/audio\/2019\/sip\/20190407_collo.mp3\"><\/audio><figcaption>7.4.2019, Paolo Collo &#8220;I gesuiti del Paraguay&#8221;<br><a href=\"https:\/\/www.localhost\/palazzo-ducale\/audio\/2019\/sip\/20190407_collo.mp3\">Per salvare l&#8217;mp3 clicca su tasto destro e salva<\/a><\/figcaption><\/figure>\n\n\n\n<figure class=\"wp-block-audio\"><audio controls preload=\"none\" src=\"https:\/\/www.localhost\/palazzo-ducale\/audio\/2019\/sip\/20190407_bravo.mp3\"><\/audio><figcaption>7.4.2019, Gian Maria Bravo &#8220;I socialisti utopisti&#8221;<br><a href=\"https:\/\/www.localhost\/palazzo-ducale\/audio\/2019\/sip\/20190407_bravo.mp3\">Per salvare l&#8217;mp3 clicca su tasto destro e salva<\/a><\/figcaption><\/figure>\n\n\n\n<figure class=\"wp-block-audio\"><audio controls preload=\"none\" src=\"https:\/\/www.localhost\/palazzo-ducale\/audio\/2019\/sip\/20190407_montesano.mp3\"><\/audio><figcaption>7.4.2019, Marina Montesano &#8220;Shangri-La. Mito e Utopia&#8221;<br><a href=\"https:\/\/www.localhost\/palazzo-ducale\/audio\/2019\/sip\/20190407_montesano.mp3\">Per salvare l&#8217;mp3 clicca su tasto destro e salva<\/a><br><\/figcaption><\/figure>\n\n\n\n<figure class=\"wp-block-audio\"><audio controls preload=\"none\" src=\"https:\/\/www.localhost\/palazzo-ducale\/audio\/2019\/sip\/20190407_zaganelli.mp3\"><\/audio><figcaption>7.4.2019, Gioia Zaganelli &#8220;Il Re del Mondo e la Lettera del Prete Gianni&#8221;<br><a href=\"https:\/\/www.localhost\/palazzo-ducale\/audio\/2019\/sip\/20190407_zaganelli.mp3\">Per salvare l&#8217;mp3 clicca su tasto destro e salva<\/a><\/figcaption><\/figure>\n\n\n\n<figure class=\"wp-block-audio\"><audio controls preload=\"none\" src=\"https:\/\/www.localhost\/palazzo-ducale\/audio\/2019\/sip\/20190407_gentile.mp3\"><\/audio><figcaption>7.4.2019, Emilio Gentile &#8220;Il mito dell&#8217;uomo nuovo&#8221;<br><a href=\"https:\/\/www.localhost\/palazzo-ducale\/audio\/2019\/sip\/20190407_gentile.mp3\">Per salvare l&#8217;mp3 clicca su tasto destro e salva<\/a><\/figcaption><\/figure>\n\n\n\n<figure class=\"wp-block-audio\"><audio controls preload=\"none\" src=\"https:\/\/www.localhost\/palazzo-ducale\/audio\/2019\/sip\/20190407_tundo.mp3\"><\/audio><figcaption>7.4.2019, Laura Tundo Ferente &#8220;L&#8217;anno 2440&#8243; di Louis-S\u00e9bastian Mercier&#8221;<br><a href=\"https:\/\/www.localhost\/palazzo-ducale\/audio\/2019\/sip\/20190407_tundo.mp3\">Per salvare l&#8217;mp3 clicca su tasto destro e salva<\/a><\/figcaption><\/figure>\n\n\n\n<figure class=\"wp-block-audio\"><audio controls preload=\"none\" src=\"https:\/\/www.localhost\/palazzo-ducale\/audio\/2019\/sip\/20190407_violante.mp3\"><\/audio><figcaption>7.4.2019, Luciano Violante &#8220;Adriano Olivetti, tra utopia ed eresia&#8221;<br><a href=\"https:\/\/www.localhost\/palazzo-ducale\/audio\/2019\/sip\/20190407_violante.mp3\">Per salvare l&#8217;mp3 clicca su tasto destro e salva<\/a><\/figcaption><\/figure>\n\n\n\n<figure class=\"wp-block-audio\"><audio controls preload=\"none\" src=\"https:\/\/www.localhost\/palazzo-ducale\/audio\/2019\/sip\/20190407_rusconi.mp3\"><\/audio><figcaption>7.4.2019, Roberto Rusconi &#8220;Gioacchino da Fiore, l&#8217;utopia monastica: Dispositivo novi ordinis&#8221;<br><a href=\"https:\/\/www.localhost\/palazzo-ducale\/audio\/2019\/sip\/20190407_rusconi.mp3\">Per salvare l&#8217;mp3 clicca su tasto destro e salva<\/a><\/figcaption><\/figure>\n\n\n\n<figure class=\"wp-block-audio\"><audio controls preload=\"none\" src=\"https:\/\/www.localhost\/palazzo-ducale\/audio\/2019\/sip\/20190407_mancini.mp3\"><\/audio><figcaption>7.4.2019, Roberto Mancini &#8220;Il mondo alla rovescia&#8221;<br><a href=\"https:\/\/www.localhost\/palazzo-ducale\/audio\/2019\/sip\/20190407_mancini.mp3\">Per salvare l&#8217;mp3 clicca su tasto destro e salva<\/a><\/figcaption><\/figure>\n\n\n\n<figure class=\"wp-block-audio\"><audio controls preload=\"none\" src=\"https:\/\/www.localhost\/palazzo-ducale\/audio\/2019\/sip\/20190407_pasquino.mp3\"><\/audio><figcaption>7.4.2019, Gianfranco Pasquino &#8220;L&#8217;utopia liberale&#8221;<br><a href=\"https:\/\/www.localhost\/palazzo-ducale\/audio\/2019\/sip\/20190407_pasquino.mp3\">Per salvare l&#8217;mp3 clicca su tasto destro e salva<\/a><\/figcaption><\/figure>\n\n\n\n<figure class=\"wp-block-audio\"><audio controls preload=\"none\" src=\"https:\/\/www.localhost\/palazzo-ducale\/audio\/2019\/sip\/20190407_fabbri.mp3\"><\/audio><figcaption>7.4.2019, Franco Fabbri &#8220;Musica e utopia&#8221;<br><a href=\"https:\/\/www.localhost\/palazzo-ducale\/audio\/2019\/sip\/20190407_fabbri.mp3\">Per salvare l&#8217;mp3 clicca su tasto destro e salva<\/a><\/figcaption><\/figure>\n\n\n\n<figure class=\"wp-block-audio\"><audio controls preload=\"none\" src=\"https:\/\/www.localhost\/palazzo-ducale\/audio\/2019\/sip\/20190407_nacci.mp3\"><\/audio><figcaption>7.4.2019, Michela Nacci &#8220;L&#8217;individuo come utopia nell&#8217;epoca della tecnica&#8221;<br><a href=\"https:\/\/www.localhost\/palazzo-ducale\/audio\/2019\/sip\/20190407_nacci.mp3\">Per salvare l&#8217;mp3 clicca su tasto destro e salva<\/a><\/figcaption><\/figure>\n\n\n\n<figure class=\"wp-block-audio\"><audio controls preload=\"none\" src=\"https:\/\/www.localhost\/palazzo-ducale\/audio\/2019\/sip\/20190407_tuccari.mp3\"><\/audio><figcaption>7.4.2019, Francesco Tuccari &#8220;Realismo e utopia in Max Weber&#8221;<br><a href=\"https:\/\/www.localhost\/palazzo-ducale\/audio\/2019\/sip\/20190407_tuccari.mp3\">Per salvare l&#8217;mp3 clicca su tasto destro e salva<\/a><\/figcaption><\/figure>\n\n\n\n<figure class=\"wp-block-audio\"><audio controls preload=\"none\" src=\"https:\/\/www.localhost\/palazzo-ducale\/audio\/2019\/sip\/20190407_ottani.mp3\"><\/audio><figcaption>7.4.2019, Anna Ottani Cavina &#8220;Il paesaggio ideale&#8221;<br><a href=\"https:\/\/www.localhost\/palazzo-ducale\/audio\/2019\/sip\/20190407_ottani.mp3\">Per salvare l&#8217;mp3 clicca su tasto destro e salva<\/a><\/figcaption><\/figure>\n\n\n\n<figure class=\"wp-block-audio\"><audio controls preload=\"none\" src=\"https:\/\/www.localhost\/palazzo-ducale\/audio\/2019\/sip\/20190407_barbero.mp3\"><\/audio><figcaption>7.4.2019, Alessandro Barbero &#8220;La paura dell&#8217;anno Mille&#8221;<br><a href=\"https:\/\/www.localhost\/palazzo-ducale\/audio\/2019\/sip\/20190407_barbero.mp3\">Per salvare l&#8217;mp3 clicca su tasto destro e salva<\/a><\/figcaption><\/figure>\n\n\n\n<figure class=\"wp-block-audio\"><audio controls preload=\"none\" src=\"https:\/\/www.localhost\/palazzo-ducale\/audio\/2019\/sip\/20190406_delon.mp3\"><\/audio><figcaption>6.4.2019, Michel Delon &#8220;Utopia e Lumi&#8221;<br><a href=\"https:\/\/www.localhost\/palazzo-ducale\/audio\/2019\/sip\/20190406_delon.mp3\">Per salvare l&#8217;mp3 clicca su tasto destro e salva<\/a><\/figcaption><\/figure>\n\n\n\n<figure class=\"wp-block-audio\"><audio controls preload=\"none\" src=\"https:\/\/www.localhost\/palazzo-ducale\/audio\/2019\/sip\/20190406_tarchi.mp3\"><\/audio><figcaption>6.4.2019, Marco Tarchi &#8220;Utopia e populismo&#8221;<br><a href=\"https:\/\/www.localhost\/palazzo-ducale\/audio\/2019\/sip\/20190406_tarchi.mp3\">Per salvare l&#8217;mp3 clicca su tasto destro e salva<\/a><\/figcaption><\/figure>\n\n\n\n<figure class=\"wp-block-audio\"><audio controls preload=\"none\" src=\"https:\/\/www.localhost\/palazzo-ducale\/audio\/2019\/sip\/20190406_sissa.mp3\"><\/audio><figcaption>6.4.2019, Giulia Sissa &#8220;Un popolo filosofo o un popolo ridicolo? Democrazia e utopia&#8221;<br><a href=\"https:\/\/www.localhost\/palazzo-ducale\/audio\/2019\/sip\/20190406_sissa.mp3\">Per salvare l&#8217;mp3 clicca su tasto destro e salva<\/a><\/figcaption><\/figure>\n\n\n\n<figure class=\"wp-block-audio\"><audio controls preload=\"none\" src=\"https:\/\/www.localhost\/palazzo-ducale\/audio\/2019\/sip\/20190406_fasce.mp3\"><\/audio><figcaption>6.4.2019, Ferdinando Fasce &#8220;Advertising the American Dream\/L&#8217;evoluzione dei costumi&#8221;<br><a href=\"https:\/\/www.localhost\/palazzo-ducale\/audio\/2019\/sip\/20190406_fasce.mp3\">Per salvare l&#8217;mp3 clicca su tasto destro e salva<\/a><\/figcaption><\/figure>\n\n\n\n<figure class=\"wp-block-audio\"><audio controls preload=\"none\" src=\"https:\/\/www.localhost\/palazzo-ducale\/audio\/2019\/sip\/20190406_ferrari.mp3\"><\/audio><figcaption>6.4.2019, Anna Ferrari &#8220;I luoghi letterari immaginari&#8221;<br><a href=\"https:\/\/www.localhost\/palazzo-ducale\/audio\/2019\/sip\/20190406_ferrari.mp3\">Per salvare l&#8217;mp3 clicca su tasto destro e salva<\/a><\/figcaption><\/figure>\n\n\n\n<figure class=\"wp-block-audio\"><audio controls preload=\"none\" src=\"https:\/\/www.localhost\/palazzo-ducale\/audio\/2019\/sip\/20190406_crisciani.mp3\"><\/audio><figcaption>6.4.2019, Chiara Crisciani &#8220;Utopia e alchimia. La pietra filosofale&#8221;<br><a href=\"https:\/\/www.localhost\/palazzo-ducale\/audio\/2019\/sip\/20190406_crisciani.mp3\">Per salvare l&#8217;mp3 clicca su tasto destro e salva<\/a><\/figcaption><\/figure>\n\n\n\n<figure class=\"wp-block-audio\"><audio controls preload=\"none\" src=\"https:\/\/www.localhost\/palazzo-ducale\/audio\/2019\/sip\/20190406_bichler.mp3\"><\/audio><figcaption>6.4.2019, Reinhold Bichler &#8220;Il concetto di base comune, donne e bambini compresi&#8221;<br><a href=\"https:\/\/www.localhost\/palazzo-ducale\/audio\/2019\/sip\/20190406_bichler.mp3\">Per salvare l&#8217;mp3 clicca su tasto destro e salva<\/a><\/figcaption><\/figure>\n\n\n\n<figure class=\"wp-block-audio\"><audio controls preload=\"none\" src=\"https:\/\/www.localhost\/palazzo-ducale\/audio\/2019\/sip\/20190406_saraceno_guerra.mp3\"><\/audio><figcaption>6.4.2019, Chiara Saraceno e Elda Guerra &#8220;Uguali e diverse: la rivoluzione femminile&#8221;<br><a href=\"https:\/\/www.localhost\/palazzo-ducale\/audio\/2019\/sip\/20190406_saraceno_guerra.mp3\">Per salvare l&#8217;mp3 clicca su tasto destro e salva<\/a><\/figcaption><\/figure>\n\n\n\n<figure class=\"wp-block-audio\"><audio controls preload=\"none\" src=\"https:\/\/www.localhost\/palazzo-ducale\/audio\/2019\/sip\/20190406_schnapp.mp3\"><\/audio><figcaption>6.4.2019, Alain Schnapp &#8220;Sull&#8217;opera di Charles Fourier&#8221;<br><a href=\"https:\/\/www.localhost\/palazzo-ducale\/audio\/2019\/sip\/20190406_schnapp.mp3\">Per salvare l&#8217;mp3 clicca su tasto destro e salva<\/a><\/figcaption><\/figure>\n\n\n\n<figure class=\"wp-block-audio\"><audio controls preload=\"none\" src=\"https:\/\/www.localhost\/palazzo-ducale\/audio\/2019\/sip\/20190406_torre.mp3\"><\/audio><figcaption>6.4.2019, Alessandro Torre &#8220;Elementi di utopia nelle costituzioni novecentesche&#8221;<br><a href=\"https:\/\/www.localhost\/palazzo-ducale\/audio\/2019\/sip\/20190406_torre.mp3\">Per salvare l&#8217;mp3 clicca su tasto destro e salva<\/a><\/figcaption><\/figure>\n\n\n\n<figure class=\"wp-block-audio\"><audio controls preload=\"none\" src=\"https:\/\/www.localhost\/palazzo-ducale\/audio\/2019\/sip\/20190406_cambiano.mp3\"><\/audio><figcaption>6.4.2019, Giuseppe Cambiano &#8220;Platone in Moro e Campanella&#8221;<br><a href=\"https:\/\/www.localhost\/palazzo-ducale\/audio\/2019\/sip\/20190406_cambiano.mp3\">Per salvare l&#8217;mp3 clicca su tasto destro e salva<\/a><\/figcaption><\/figure>\n\n\n\n<figure class=\"wp-block-audio\"><audio controls preload=\"none\" src=\"https:\/\/www.localhost\/palazzo-ducale\/audio\/2019\/sip\/20190406_sanfilippo.mp3\"><\/audio><figcaption>6.4.2019, Matteo Sanfilippo &#8220;Futuri e presenti alternativi nella fantascienza&#8221;<br><a href=\"https:\/\/www.localhost\/palazzo-ducale\/audio\/2019\/sip\/20190406_sanfilippo.mp3\">Per salvare l&#8217;mp3 clicca su tasto destro e salva<\/a><\/figcaption><\/figure>\n\n\n\n<figure class=\"wp-block-audio\"><audio controls preload=\"none\" src=\"https:\/\/www.localhost\/palazzo-ducale\/audio\/2019\/sip\/20190406_bovero.mp3\"><\/audio><figcaption>6.4.2019, Michelangelo Bovero &#8220;Europa. Un&#8217;altra utopia capovolta?&#8221;<br><a href=\"https:\/\/www.localhost\/palazzo-ducale\/audio\/2019\/sip\/20190406_bovero.mp3\">Per salvare l&#8217;mp3 clicca su tasto destro e salva<\/a><\/figcaption><\/figure>\n\n\n\n<figure class=\"wp-block-audio\"><audio controls preload=\"none\" src=\"https:\/\/www.localhost\/palazzo-ducale\/audio\/2019\/sip\/20190406_martino.mp3\"><\/audio><figcaption>6.4.2019, Pasquale Martino &#8220;L&#8217;utopia degli Eliopoliti&#8221;<br><a href=\"https:\/\/www.localhost\/palazzo-ducale\/audio\/2019\/sip\/20190406_martino.mp3\">Per salvare l&#8217;mp3 clicca su tasto destro e salva<\/a><\/figcaption><\/figure>\n\n\n\n<figure class=\"wp-block-audio\"><audio controls preload=\"none\" src=\"https:\/\/www.localhost\/palazzo-ducale\/audio\/2019\/sip\/20190406_dibranco.mp3\"><\/audio><figcaption>6.4.2019, Marco Di Branco &#8220;I luoghi che non esistono&#8221;<br><a href=\"https:\/\/www.localhost\/palazzo-ducale\/audio\/2019\/sip\/20190406_dibranco.mp3\">Per salvare l&#8217;mp3 clicca su tasto destro e salva<\/a><\/figcaption><\/figure>\n\n\n\n<figure class=\"wp-block-audio\"><audio controls preload=\"none\" src=\"https:\/\/www.localhost\/palazzo-ducale\/audio\/2019\/sip\/20190406_cardini.mp3\"><\/audio><figcaption>6.4.2019, Franco Cardini &#8220;Utopia e regalit\u00e0&#8221;<br><a href=\"https:\/\/www.localhost\/palazzo-ducale\/audio\/2019\/sip\/20190406_cardini.mp3\">Per salvare l&#8217;mp3 clicca su tasto destro e salva<\/a><\/figcaption><\/figure>\n\n\n\n<figure class=\"wp-block-audio\"><audio controls preload=\"none\" src=\"https:\/\/www.localhost\/palazzo-ducale\/audio\/2019\/sip\/20190405_cartosio.mp3\"><\/audio><figcaption>5.4.2019, Bruno Cartosio &#8220;Posto meraviglioso. Devi venire. La controcultura di Taos da D.H. Lawrence a Georgia O&#8217;Keeffe&#8221;<br><a href=\"https:\/\/www.localhost\/palazzo-ducale\/audio\/2019\/sip\/20190405_cartosio.mp3\">Per salvare l&#8217;mp3 clicca su tasto destro e salva<\/a><\/figcaption><\/figure>\n\n\n\n<figure class=\"wp-block-audio\"><audio controls preload=\"none\" src=\"https:\/\/www.localhost\/palazzo-ducale\/audio\/2019\/sip\/20190405_paduano.mp3\"><\/audio><figcaption>5.4.2019, Guido Paduano &#8220;L&#8217;utopia in musica: il Don Chisciotte di Massenet&#8221;<br><a href=\"https:\/\/www.localhost\/palazzo-ducale\/audio\/2019\/sip\/20190405_paduano.mp3\">Per salvare l&#8217;mp3 clicca su tasto destro e salva<\/a><\/figcaption><\/figure>\n\n\n\n<figure class=\"wp-block-audio\"><audio controls preload=\"none\" src=\"https:\/\/www.localhost\/palazzo-ducale\/audio\/2019\/sip\/20190405_musarra.mp3\"><\/audio><figcaption>5.4.2019, Antonio Musarra &#8220;L&#8217;utopia della&#8221;scoperta&#8221;: l&#8217;immaginario di Colombo&#8221;<br><a href=\"https:\/\/www.localhost\/palazzo-ducale\/audio\/2019\/sip\/20190405_musarra.mp3\">Per salvare l&#8217;mp3 clicca su tasto destro e salva<\/a><\/figcaption><\/figure>\n\n\n\n<figure class=\"wp-block-audio\"><audio controls preload=\"none\" src=\"https:\/\/www.localhost\/palazzo-ducale\/audio\/2019\/sip\/20190405_gagliardi.mp3\"><\/audio><figcaption>5.4.2019, Isabella Gagliardi &#8220;Follia e utopia nella mistica ortodossa&#8221;<br><a href=\"https:\/\/www.localhost\/palazzo-ducale\/audio\/2019\/sip\/20190405_gagliardi.mp3\">Per salvare l&#8217;mp3 clicca su tasto destro e salva<\/a><\/figcaption><\/figure>\n\n\n\n<figure class=\"wp-block-audio\"><audio controls preload=\"none\" src=\"https:\/\/www.localhost\/palazzo-ducale\/audio\/2019\/sip\/20190405_rusconi.mp3\"><\/audio><figcaption>5.4.2019, Gian Enrico Risconi &#8220;Cosa resta dell&#8217;utopia&#8221;<br><a href=\"https:\/\/www.localhost\/palazzo-ducale\/audio\/2019\/sip\/20190405_rusconi.mp3\">Per salvare l&#8217;mp3 clicca su tasto destro e salva<\/a><\/figcaption><\/figure>\n\n\n\n<figure class=\"wp-block-audio\"><audio controls preload=\"none\" src=\"https:\/\/www.localhost\/palazzo-ducale\/audio\/2019\/sip\/20190405_dicesare.mp3\"><\/audio><figcaption>5.4.2019, Donatella Di Cesare &#8220;La pace perpetua. Con Kant, oltre Kant&#8221;<br><a href=\"https:\/\/www.localhost\/palazzo-ducale\/audio\/2019\/sip\/20190405_dicesare.mp3\">Per salvare l&#8217;mp3 clicca su tasto destro e salva<\/a><\/figcaption><\/figure>\n\n\n\n<figure class=\"wp-block-audio\"><audio controls preload=\"none\" src=\"https:\/\/www.localhost\/palazzo-ducale\/audio\/2019\/sip\/20190405_marrone.mp3\"><\/audio><figcaption>5.4.2019, Caterina Marrone &#8220;Le lingue utopiche&#8221;<br><a href=\"https:\/\/www.localhost\/palazzo-ducale\/audio\/2019\/sip\/20190405_marrone.mp3\">Per salvare l&#8217;mp3 clicca su tasto destro e salva<\/a><\/figcaption><\/figure>\n\n\n\n<figure class=\"wp-block-audio\"><audio controls preload=\"none\" src=\"https:\/\/www.localhost\/palazzo-ducale\/audio\/2019\/sip\/20190404_canfora.mp3\"><\/audio><figcaption>4.4.2019, Luciano Canfora &#8220;Cosmopolitismo&#8221;<br><a href=\"https:\/\/www.localhost\/palazzo-ducale\/audio\/2019\/sip\/20190404_canfora.mp3\">Per salvare l&#8217;mp3 clicca su tasto destro e salva<\/a><\/figcaption><\/figure>\n\n\n\n<div style=\"height:100px\" aria-hidden=\"true\" class=\"wp-block-spacer\"><\/div>\n\n\n\n<figure class=\"wp-block-audio\"><audio controls preload=\"none\" src=\"https:\/\/www.localhost\/palazzo-ducale\/audio\/2019\/20190327_lellacosta.mp3\"><\/audio><figcaption>27.3.2019, Lella Costa &#8220;Il potere alle donne e le antiche utopie&#8221;<br><a href=\"https:\/\/www.localhost\/palazzo-ducale\/audio\/2019\/20190327_lellacosta.mp3\">Per salvare l&#8217;mp3 clicca su tasto destro e salva<\/a><\/figcaption><\/figure>\n\n\n\n<div style=\"height:100px\" aria-hidden=\"true\" class=\"wp-block-spacer\"><\/div>\n\n\n\n<figure class=\"wp-block-audio\"><audio controls preload=\"none\" src=\"https:\/\/www.localhost\/palazzo-ducale\/audio\/2019\/20190326_canziani.mp3\"><\/audio><figcaption>26.3.2019, Andrea Canziani &#8220;Villa Girasole, l&#8217;Utopia della casa rotante&#8221;<br><a href=\"https:\/\/www.localhost\/palazzo-ducale\/audio\/2019\/20190326_canziani.mp3\">Per salvare l&#8217;mp3 clicca su tasto destro e salva<\/a><\/figcaption><\/figure>\n\n\n\n<div style=\"height:100px\" aria-hidden=\"true\" class=\"wp-block-spacer\"><\/div>\n\n\n\n<figure class=\"wp-block-audio\"><audio controls preload=\"none\" src=\"https:\/\/www.localhost\/palazzo-ducale\/audio\/2019\/20190320_latouche.mp3\"><\/audio><figcaption>20.3.2019, Serge Latouche &#8220;Utopia e entropia&#8221;<br><a href=\"https:\/\/www.localhost\/palazzo-ducale\/audio\/2019\/20190320_latouche.mp3\">Per salvare l&#8217;mp3 clicca su tasto destro e salva<\/a><\/figcaption><\/figure>\n\n\n\n<div style=\"height:100px\" aria-hidden=\"true\" class=\"wp-block-spacer\"><\/div>\n\n\n\n<h2 class=\"wp-block-heading\">Destra e sinistra<\/h2>\n\n\n\n<figure class=\"wp-block-audio\"><audio controls preload=\"none\" src=\"https:\/\/www.localhost\/palazzo-ducale\/audio\/2019\/destra_sinistra\/20190325_becchi.mp3\"><\/audio><figcaption>25.3.2019, Giovanni B. Pittaluga e Paolo Becchi &#8220;Le nazionalizzazioni non sono pi\u00f9 di sinistra?&#8221;<br><a href=\"https:\/\/www.localhost\/palazzo-ducale\/audio\/2019\/destra_sinistra\/20190325_becchi.mp3\">Per salvare l&#8217;mp3 clicca su tasto destro e salva<\/a><\/figcaption><\/figure>\n\n\n\n<figure class=\"wp-block-audio\"><audio controls preload=\"none\" src=\"https:\/\/www.localhost\/palazzo-ducale\/audio\/2019\/destra_sinistra\/20190318_mancina_v2.mp3\"><\/audio><figcaption>18.3.2019, Eugenio Capozzi e Claudia Mancina &#8220;Il pensiero unico non travolge le vecchie categorie destra\/sinistra?&#8221;<br><a href=\"https:\/\/www.localhost\/palazzo-ducale\/audio\/2019\/destra_sinistra\/20190318_mancina_v2.mp3\">Per salvare l&#8217;mp3 clicca su tasto destro e salva<\/a><\/figcaption><\/figure>\n\n\n\n<figure class=\"wp-block-audio\"><audio controls preload=\"none\" src=\"https:\/\/www.localhost\/palazzo-ducale\/audio\/2019\/destra_sinistra\/20190311_sansonetti.mp3\"><\/audio><figcaption>11.3.2019, Dino Cofrancesco e Piero Sansonetti &#8220;Il multiculturalismo \u00e8 di destra o di sinistra?&#8221;<br><a href=\"https:\/\/www.localhost\/palazzo-ducale\/audio\/2019\/destra_sinistra\/20190311_sansonetti.mp3\">Per salvare l&#8217;mp3 clicca su tasto destro e salva<\/a><\/figcaption><\/figure>\n\n\n\n<div style=\"height:100px\" aria-hidden=\"true\" class=\"wp-block-spacer\"><\/div>\n\n\n\n<figure class=\"wp-block-audio\"><audio controls preload=\"none\" src=\"https:\/\/www.localhost\/palazzo-ducale\/audio\/2019\/20190306_jacob.mp3\"><\/audio><figcaption>6.3.2019, Micheal Jakob &#8220;Petrarca, o l&#8217;invenzione del paesaggio&#8221;<br><a href=\"https:\/\/www.localhost\/palazzo-ducale\/audio\/2019\/20190306_jacob.mp3\">Per salvare l&#8217;mp3 clicca su tasto destro e salva<\/a><\/figcaption><\/figure>\n\n\n\n<div style=\"height:100px\" aria-hidden=\"true\" class=\"wp-block-spacer\"><\/div>\n\n\n\n<h2 class=\"wp-block-heading\">Festival di <em>Limes<\/em><\/h2>\n\n\n\n<figure class=\"wp-block-audio\"><audio controls preload=\"none\" src=\"https:\/\/www.localhost\/palazzo-ducale\/audio\/2019\/limes\/20190310_diamanti.mp3\"><\/audio><figcaption>10.3.2019, Lucio Caracciolo, Alessandro Aresu, Lapo Pistelli, Ilvo Diamanti &#8220;Che fare? L&#8217;interesse nazionale dell&#8217;Italia&#8221;<br><a href=\"https:\/\/www.localhost\/palazzo-ducale\/audio\/2019\/limes\/20190310_diamanti.mp3\">Per salvare l&#8217;mp3 clicca su tasto destro e salva<\/a><\/figcaption><\/figure>\n\n\n\n<figure class=\"wp-block-audio\"><audio controls preload=\"none\" src=\"https:\/\/www.localhost\/palazzo-ducale\/audio\/2019\/limes\/20190310_bacci.mp3\"><\/audio><figcaption>10.3.2019, Fabrizio Maronta, Massimo Livi Bacci, Germano Dottori, Mario Morcone &#8220;Chi \u00e8 italiano?&#8221;<br><a href=\"https:\/\/www.localhost\/palazzo-ducale\/audio\/2019\/limes\/20190310_bacci.mp3\">Per salvare l&#8217;mp3 clicca su tasto destro e salva<\/a><\/figcaption><\/figure>\n\n\n\n<figure class=\"wp-block-audio\"><audio controls preload=\"none\" src=\"https:\/\/www.localhost\/palazzo-ducale\/audio\/2019\/limes\/20190310_cucchi.mp3\"><\/audio><figcaption>10.3.2019, Dario Fabbri, Giuseppe Cucchi, Jacob L. Shapiro &#8220;L&#8217;Italia fra America e Russia: con chi stiamo?&#8221;<br><a href=\"https:\/\/www.localhost\/palazzo-ducale\/audio\/2019\/limes\/20190310_cucchi.mp3\">Per salvare l&#8217;mp3 clicca su tasto destro e salva<\/a><\/figcaption><\/figure>\n\n\n\n<figure class=\"wp-block-audio\"><audio controls preload=\"none\" src=\"https:\/\/www.localhost\/palazzo-ducale\/audio\/2019\/limes\/20190310_panaro.mp3\"><\/audio><figcaption>10.3.2019, Giorgio Cuscito, Michele Geraci, Alessandro Panaro, Michele Ziosi, Marco Ansaldo &#8220;L&#8217;Italia, Genova e le vie della seta&#8221;<br><a href=\"https:\/\/www.localhost\/palazzo-ducale\/audio\/2019\/limes\/20190310_panaro.mp3\">Per salvare l&#8217;mp3 clicca su tasto destro e salva<\/a><\/figcaption><\/figure>\n\n\n\n<figure class=\"wp-block-audio\"><audio controls preload=\"none\" src=\"https:\/\/www.localhost\/palazzo-ducale\/audio\/2019\/limes\/20190310_divsallar.mp3\"><\/audio><figcaption>10.3.2019, Dario Fabbri, Jacob L. Shapiro, You Ji, Dimitrj Suslov, Abdolrasool Divsallar &#8220;Come si fa strategia&#8221;<br><a href=\"https:\/\/www.localhost\/palazzo-ducale\/audio\/2019\/limes\/20190310_divsallar.mp3\">Per salvare l&#8217;mp3 clicca su tasto destro e salva<\/a><\/figcaption><\/figure>\n\n\n\n<figure class=\"wp-block-audio\"><audio controls preload=\"none\" src=\"https:\/\/www.localhost\/palazzo-ducale\/audio\/2019\/limes\/20190309_kempf.mp3\"><\/audio><figcaption>9.3.2019, Federico Petroni, Olivier Kempf, Margherita Paolini, Carlo Pelanda, Pierre-Emmanuel Thomann &#8220;Francia e Italia, quasi nemici&#8221;<br><a href=\"https:\/\/www.localhost\/palazzo-ducale\/audio\/2019\/limes\/20190309_kempf.mp3\">Per salvare l&#8217;mp3 clicca su tasto destro e salva<\/a><\/figcaption><\/figure>\n\n\n\n<figure class=\"wp-block-audio\"><audio controls preload=\"none\" src=\"https:\/\/www.localhost\/palazzo-ducale\/audio\/2019\/limes\/20190309_sales.mp3\"><\/audio><figcaption>9.3.2019, Niccol\u00f2 Locatelli, Giuseppe Provenzano, Isaia Sales, Virgilio Ilari &#8220;Nord contro Sud?&#8221;<br><a href=\"https:\/\/www.localhost\/palazzo-ducale\/audio\/2019\/limes\/20190309_sales.mp3\">Per salvare l&#8217;mp3 clicca su tasto destro e salva<\/a><\/figcaption><\/figure>\n\n\n\n<figure class=\"wp-block-audio\"><audio controls preload=\"none\" src=\"https:\/\/www.localhost\/palazzo-ducale\/audio\/2019\/limes\/20190309_sisci.mp3\"><\/audio><figcaption>9.3.2019, Piero Schiavazzi, Antonio Spadaro, Francesco Sisci, Lucio Caracciolo &#8220;La Chiesa cattolica: risorsa o vincolo per l&#8217;Italia?&#8221;<br><a href=\"https:\/\/www.localhost\/palazzo-ducale\/audio\/2019\/limes\/20190309_sisci.mp3\">Per salvare l&#8217;mp3 clicca su tasto destro e salva<\/a><\/figcaption><\/figure>\n\n\n\n<figure class=\"wp-block-audio\"><audio controls preload=\"none\" src=\"https:\/\/www.localhost\/palazzo-ducale\/audio\/2019\/limes\/20190309_boltho.mp3\"><\/audio><figcaption>9.3.2019, Fabrizio Maronta, Lars Feld, Andrea Boltho, Pierre-Emmanuel Thomann &#8220;L&#8217;Italia e l&#8217;euro&#8221;<br><a href=\"https:\/\/www.localhost\/palazzo-ducale\/audio\/2019\/limes\/20190309_boltho.mp3\">Per salvare l&#8217;mp3 clicca su tasto destro e salva<\/a><\/figcaption><\/figure>\n\n\n\n<figure class=\"wp-block-audio\"><audio controls preload=\"none\" src=\"https:\/\/www.localhost\/palazzo-ducale\/audio\/2019\/limes\/20190309_shapiro.mp3\"><\/audio><figcaption>9.3.2019, Dario Fabbri, Jacob L. Shapiro, You Ji, Dmitrij Suslov &#8220;Il contesto mondiale: sfida Usa-Cina-Russia&#8221;<br><a href=\"https:\/\/www.localhost\/palazzo-ducale\/audio\/2019\/limes\/20190309_shapiro.mp3\">Per salvare l&#8217;mp3 clicca su tasto destro e salva<\/a><\/figcaption><\/figure>\n\n\n\n<figure class=\"wp-block-audio\"><audio controls preload=\"none\" src=\"https:\/\/www.localhost\/palazzo-ducale\/audio\/2019\/limes\/20190308_barbero.mp3\"><\/audio><figcaption>8.3.2019, Paolo Peluffo, Alessandro Barbero, Lucio Caracciolo &#8220;Serata Cavour&#8221;<br><a href=\"https:\/\/www.localhost\/palazzo-ducale\/audio\/2019\/limes\/20190308_barbero.mp3\">Per salvare l&#8217;mp3 clicca su tasto destro e salva<\/a><\/figcaption><\/figure>\n\n\n\n<div style=\"height:100px\" aria-hidden=\"true\" class=\"wp-block-spacer\"><\/div>\n\n\n\n<figure class=\"wp-block-audio\"><audio controls preload=\"none\" src=\"https:\/\/www.localhost\/palazzo-ducale\/audio\/2019\/20190218_limes.mp3\"><\/audio><figcaption>18.2.2019, Presentazione nuovo volume Limes &#8220;La febbre dell&#8217;Artico&#8221;<br><a href=\"https:\/\/www.localhost\/palazzo-ducale\/audio\/2019\/20190218_limes.mp3\">Per salvare l&#8217;mp3 clicca su tasto destro e salva<\/a><\/figcaption><\/figure>\n\n\n\n<div style=\"height:100px\" aria-hidden=\"true\" class=\"wp-block-spacer\"><\/div>\n\n\n\n<h2 class=\"wp-block-heading\">Dipingere\u2026 l&#8217;occhio dei pittori tra &#8216;800 e &#8216;900<\/h2>\n\n\n\n<figure class=\"wp-block-audio\"><audio controls preload=\"none\" src=\"https:\/\/www.localhost\/palazzo-ducale\/audio\/2019\/dipingere\/20190204_castellani.mp3\"><\/audio><figcaption>4.2.2019, Francesca Castellani &#8220;Dipingere\u2026 la vita di tutti i giorni&#8221;<br><a href=\"https:\/\/www.localhost\/palazzo-ducale\/audio\/2019\/dipingere\/20190204_castellani.mp3\">Per salvare l&#8217;mp3 clicca su tasto destro e salva<\/a><\/figcaption><\/figure>\n\n\n\n<figure class=\"wp-block-audio\"><audio controls preload=\"none\" src=\"https:\/\/www.localhost\/palazzo-ducale\/audio\/2019\/dipingere\/20190128_dicapua.mp3\"><\/audio><figcaption>28.1.2019, Marco Di Capua &#8220;Dipingere\u2026 la natura&#8221;<br><a href=\"https:\/\/www.localhost\/palazzo-ducale\/audio\/2019\/dipingere\/20190128_dicapua.mp3\">Per salvare l&#8217;mp3 clicca su tasto destro e salva<\/a><br><\/figcaption><\/figure>\n\n\n\n<figure class=\"wp-block-audio\"><audio controls preload=\"none\" src=\"https:\/\/www.localhost\/palazzo-ducale\/audio\/2019\/dipingere\/20190121_orlando.mp3\"><\/audio><figcaption>21.1.2019, Anna Orlando &#8220;Dipingere\u2026 il nudo e la figura&#8221;<br><a href=\"https:\/\/www.localhost\/palazzo-ducale\/audio\/2019\/dipingere\/20190121_orlando.mp3\">Per salvare l&#8217;mp3 clicca su tasto destro e salva<\/a><\/figcaption><\/figure>\n\n\n\n<div style=\"height:100px\" aria-hidden=\"true\" class=\"wp-block-spacer\"><\/div>\n\n\n\n<figure class=\"wp-block-audio\"><audio controls preload=\"none\" src=\"https:\/\/www.localhost\/palazzo-ducale\/audio\/2019\/20190125_vacca.mp3\"><\/audio><figcaption>25.1.2019, Giuseppe Vacca &#8220;A 200 anni dalla nascita, Leggere ancora Karl Marx?&#8221;<br><a href=\"https:\/\/www.localhost\/palazzo-ducale\/audio\/2019\/20190125_vacca.mp3\">Per salvare l&#8217;mp3 clicca su tasto destro e salva<\/a><\/figcaption><\/figure>\n\n\n\n<div style=\"height:100px\" aria-hidden=\"true\" class=\"wp-block-spacer\"><\/div>\n\n\n\n<figure class=\"wp-block-audio\"><audio controls preload=\"none\" src=\"https:\/\/www.localhost\/palazzo-ducale\/audio\/2019\/20190119_limes.mp3\"><\/audio><figcaption>19.1.2019, Presentazione nuovo volume Limes &#8220;Essere Germania&#8221;<br><a href=\"https:\/\/www.localhost\/palazzo-ducale\/audio\/2019\/20190119_limes.mp3\">Per salvare l&#8217;mp3 clicca su tasto destro e salva<\/a><\/figcaption><\/figure>\n\n\n\n<div style=\"height:100px\" aria-hidden=\"true\" class=\"wp-block-spacer\"><\/div>\n\n\n\n<h2 class=\"wp-block-heading\">Parole per la citt\u00e0<\/h2>\n\n\n\n<figure class=\"wp-block-audio\"><audio controls preload=\"none\" src=\"https:\/\/www.localhost\/palazzo-ducale\/audio\/2019\/parole_citta\/20190214_bentivogli.mp3\"><\/audio><figcaption>14.2.2019, Marco Bentivogli &#8220;Il futuro del lavoro. Ci sar\u00e0, come sar\u00e0, per chi sar\u00e0?&#8221;<br><a href=\"https:\/\/www.localhost\/palazzo-ducale\/audio\/2019\/parole_citta\/20190214_bentivogli.mp3\">Per salvare l&#8217;mp3 clicca su tasto destro e salva<\/a><\/figcaption><\/figure>\n\n\n\n<figure class=\"wp-block-audio\"><audio controls preload=\"none\" src=\"https:\/\/www.localhost\/palazzo-ducale\/audio\/2019\/parole_citta\/20190207_cingolani.mp3\"><\/audio><figcaption>7.2.2019, Adriano Fabris e Roberto Cingolani &#8220;Intelligenza artificiale. Nuove libert\u00e0, nuove dipendenze&#8221;<br><a href=\"https:\/\/www.localhost\/palazzo-ducale\/audio\/2019\/parole_citta\/20190207_cingolani.mp3\">Per salvare l&#8217;mp3 clicca su tasto destro e salva<\/a><\/figcaption><\/figure>\n\n\n\n<figure class=\"wp-block-audio\"><audio controls preload=\"none\" src=\"https:\/\/www.localhost\/palazzo-ducale\/audio\/2019\/parole_citta\/20190131_salvati.mp3\"><\/audio><figcaption>31.1.2019, Michele Salvati &#8220;Globalizzazione, Europa, Italia&#8221;<br><a href=\"https:\/\/www.localhost\/palazzo-ducale\/audio\/2019\/parole_citta\/20190131_salvati.mp3\">Per salvare l&#8217;mp3 clicca su tasto destro e salva<\/a><\/figcaption><\/figure>\n\n\n\n<figure class=\"wp-block-audio\"><audio controls preload=\"none\" src=\"https:\/\/www.localhost\/palazzo-ducale\/audio\/2019\/parole_citta\/20190124_giovannini.mp3\"><\/audio><figcaption>24.1.2019, Enrico Giovannini &#8220;Sostenibilit\u00e0: un&#8217;utopia realistica&#8221;<br><a href=\"https:\/\/www.localhost\/palazzo-ducale\/audio\/2019\/parole_citta\/20190124_giovannini.mp3\">Per salvare l&#8217;mp3 clicca su tasto destro e salva<\/a><\/figcaption><\/figure>\n\n\n\n<figure class=\"wp-block-audio\"><audio controls preload=\"none\" src=\"https:\/\/www.localhost\/palazzo-ducale\/audio\/2019\/parole_citta\/20190117_barca.mp3\"><\/audio><figcaption>17.1.2019, Fabrizio Barca &#8220;Le disuguaglianze mangiano il futuro: riprendiamocelo&#8221;<br><a href=\"https:\/\/www.localhost\/palazzo-ducale\/audio\/2019\/parole_citta\/20190117_barca.mp3\">Per salvare l&#8217;mp3 clicca su tasto destro e salva<\/a><\/figcaption><\/figure>\n\n\n\n<div style=\"height:100px\" aria-hidden=\"true\" class=\"wp-block-spacer\"><\/div>\n\n\n\n<h2 class=\"wp-block-heading\">Disegni, invenzioni e macchine<\/h2>\n\n\n\n<figure class=\"wp-block-audio\"><audio controls preload=\"none\" src=\"https:\/\/www.localhost\/palazzo-ducale\/audio\/2019\/disegni_invenzioni\/20190213_tozzi.mp3\"><\/audio><figcaption>13.2.2019, Mario Tozzi &#8220;Solo un geologo pu\u00f2 falsificare Leonardo&#8221;<br><a href=\"https:\/\/www.localhost\/palazzo-ducale\/audio\/2019\/disegni_invenzioni\/20190213_tozzi.mp3\">Per salvare l&#8217;mp3 clicca su tasto destro e salva<\/a><\/figcaption><\/figure>\n\n\n\n<figure class=\"wp-block-audio\"><audio controls preload=\"none\" src=\"https:\/\/www.localhost\/palazzo-ducale\/audio\/2019\/disegni_invenzioni\/20190123_demichieli.mp3\"><\/audio><figcaption>23.1.2019, Lorenzo De Michieli &#8220;Healthcare Robotics, dalla robotica umanoide all&#8217;uomo&#8221;<br><a href=\"https:\/\/www.localhost\/palazzo-ducale\/audio\/2019\/disegni_invenzioni\/20190123_demichieli.mp3\">Per salvare l&#8217;mp3 clicca su tasto destro e salva<\/a><\/figcaption><\/figure>\n\n\n\n<figure class=\"wp-block-audio\"><audio controls preload=\"none\" src=\"https:\/\/www.localhost\/palazzo-ducale\/audio\/2019\/disegni_invenzioni\/20190116_sciutti.mp3\"><\/audio><figcaption>16.1.2019, Alessandra Sciutti &#8220;Robot che aiutano\u2026 a comprendere l&#8217;uomo&#8221;<br><a href=\"https:\/\/www.localhost\/palazzo-ducale\/audio\/2019\/disegni_invenzioni\/20190116_sciutti.mp3\">Per salvare l&#8217;mp3 clicca su tasto destro e salva<\/a><\/figcaption><\/figure>\n\n\n\n<div style=\"height:100px\" aria-hidden=\"true\" class=\"wp-block-spacer\"><\/div>\n\n\n\n<h2 class=\"wp-block-heading\">Animali parlanti<\/h2>\n\n\n\n<figure class=\"wp-block-audio\"><audio controls preload=\"none\" src=\"https:\/\/www.localhost\/palazzo-ducale\/audio\/2019\/animali_parlanti\/20190205_staino.mp3\"><\/audio><figcaption>5.2.2019, Staino e Silver &#8220;Lavagne animate&#8221;<br><a href=\"https:\/\/www.localhost\/palazzo-ducale\/audio\/2019\/animali_parlanti\/20190205_staino.mp3\">Per salvare l&#8217;mp3 clicca su tasto destro e salva<\/a><\/figcaption><\/figure>\n\n\n\n<figure class=\"wp-block-audio\"><audio controls preload=\"none\" src=\"https:\/\/www.localhost\/palazzo-ducale\/audio\/2019\/animali_parlanti\/20190129_ordine.mp3\"><\/audio><figcaption>29.1.2019, Nuccio Ordine &#8220;Filosofi-asini, asini-filosofi&#8221;<br><a href=\"https:\/\/www.localhost\/palazzo-ducale\/audio\/2019\/animali_parlanti\/20190129_ordine.mp3\">Per salvare l&#8217;mp3 clicca su tasto destro e salva<\/a><\/figcaption><\/figure>\n\n\n\n<figure class=\"wp-block-audio\"><audio controls preload=\"none\" src=\"https:\/\/www.localhost\/palazzo-ducale\/audio\/2019\/animali_parlanti\/20190115_giorello.mp3\"><\/audio><figcaption>15.1.2019, Giulio Giorello &#8220;Da Fedro a Topolino&#8221;<br><a href=\"https:\/\/www.localhost\/palazzo-ducale\/audio\/2019\/animali_parlanti\/20190115_giorello.mp3\">Per salvare l&#8217;mp3 clicca su tasto destro e salva<\/a><\/figcaption><\/figure>\n\n\n\n<div style=\"height:100px\" aria-hidden=\"true\" class=\"wp-block-spacer\"><\/div>\n\n\n\n<h2 class=\"wp-block-heading\">Incontri intorno a Paganini<\/h2>\n\n\n\n<figure class=\"wp-block-audio\"><audio controls preload=\"none\" src=\"https:\/\/www.localhost\/palazzo-ducale\/audio\/2019\/paganini\/20190305_libeskind.mp3\"><\/audio><figcaption>5.3.2019, Daniel Libeskind &#8220;Architettura e musica&#8221;<br><a href=\"https:\/\/www.localhost\/palazzo-ducale\/audio\/2019\/paganini\/20190305_libeskind.mp3\">Per salvare l&#8217;mp3 clicca su tasto destro e salva<\/a><\/figcaption><\/figure>\n\n\n\n<figure class=\"wp-block-audio\"><audio controls preload=\"none\" src=\"https:\/\/www.localhost\/palazzo-ducale\/audio\/2019\/paganini\/20190206_biondi.mp3\"><\/audio><figcaption>6.2.2019, Fabio Biondi &#8220;Il talento improvvisativo di Paganini&#8221;<br><a href=\"https:\/\/www.localhost\/palazzo-ducale\/audio\/2019\/paganini\/20190206_biondi.mp3\">Per salvare l&#8217;mp3 clicca su tasto destro e salva<\/a><\/figcaption><\/figure>\n\n\n\n<figure class=\"wp-block-audio\"><audio controls preload=\"none\" src=\"https:\/\/www.localhost\/palazzo-ducale\/audio\/2019\/paganini\/20190122_rossello.mp3\"><\/audio><figcaption>22.1.2019, Mario Igor Rossello e Claudio Proietti &#8220;La mano di Paganini negli studi di Renzo Mantero&#8221;<br><a href=\"https:\/\/www.localhost\/palazzo-ducale\/audio\/2019\/paganini\/20190122_rossello.mp3\">Per salvare l&#8217;mp3 clicca su tasto destro e salva<\/a><\/figcaption><\/figure>\n\n\n\n<figure class=\"wp-block-audio\"><audio controls preload=\"none\" src=\"https:\/\/www.localhost\/palazzo-ducale\/audio\/2019\/paganini\/20190114_taccuso.mp3\"><\/audio><figcaption>14.1.2019, Diego Taccuso e Daniela Lojarro &#8220;Paganini e l&#8217;ascolto del virtuoso&#8221;<br><a href=\"https:\/\/www.localhost\/palazzo-ducale\/audio\/2019\/paganini\/20190114_taccuso.mp3\">Per salvare l&#8217;mp3 clicca su tasto destro e salva<\/a><\/figcaption><\/figure>\n\n\n\n<div style=\"height:30px\" aria-hidden=\"true\" class=\"wp-block-spacer\"><\/div>\n\n\n\n<h2 class=\"wp-block-heading\">Paesaggi per tutte le stagioni<\/h2>\n\n\n\n<figure class=\"wp-block-audio\"><audio controls preload=\"none\" src=\"https:\/\/www.localhost\/palazzo-ducale\/audio\/2019\/paesaggi\/20190115_farenga.mp3\" preload=\"none\"><\/audio><figcaption>15.1.2019, Tommaso Farenga &#8220;Energia, vento e paesaggio&#8221;<br><a href=\"https:\/\/www.localhost\/palazzo-ducale\/audio\/2019\/paesaggi\/20190115_farenga.mp3\">Per salvare l&#8217;mp3 clicca su tasto destro e salva<\/a><\/figcaption><\/figure>\n\n\n\n<figure class=\"wp-block-audio\"><audio controls preload=\"none\" src=\"https:\/\/www.localhost\/palazzo-ducale\/audio\/2019\/20190123_batello.mp3\" preload=\"none\"><\/audio><figcaption>23.1.2019, Caterina Batello &#8220;Arginare il vento&#8221;<br><a href=\"https:\/\/www.localhost\/palazzo-ducale\/audio\/2019\/paesaggi\/20190123_batello.mp3\">Per salvare l&#8217;mp3 clicca su tasto destro e salva<\/a><\/figcaption><\/figure>\n\n\n\n<div style=\"height:30px\" aria-hidden=\"true\" class=\"wp-block-spacer\"><\/div>\n<\/div>\n<\/div>\n<\/div><\/div>\n\n\n\n<p><\/p>\n","protected":false},"excerpt":{"rendered":"<p>Allenatori Sguardi contemporanei sull&#8217;arte del passato L&#8217;economia entra in scena Spazio e Societ\u00e0, Big November 5 Religioni del terzo millennio \u2026come professione Incontri collaterali alla mostra Anni 20 Tra il comico e la satira Cucina d&#8217;epoca Capolavori raccontati Superba bellezza Intorno a Giorgio de Chirico Genova, citt\u00e0 e architettura nel &#8216;900 Libro piccolo La Storia &hellip; <a href=\"https:\/\/palazzoducale.genova.it\/en\/ducale-media\/audiogallery-2019\/\">Continue<\/a><\/p>\n","protected":false},"author":2,"featured_media":0,"parent":5419,"menu_order":0,"comment_status":"closed","ping_status":"closed","template":"","meta":{"_acf_changed":false,"inline_featured_image":false,"footnotes":""},"class_list":["post-5336","page","type-page","status-publish","hentry"],"acf":[],"yoast_head":"<!-- This site is optimized with the Yoast SEO plugin v26.0 - https:\/\/yoast.com\/wordpress\/plugins\/seo\/ -->\n<title>Audiogallery 2019 -<\/title>\n<meta name=\"robots\" content=\"index, follow, max-snippet:-1, max-image-preview:large, max-video-preview:-1\" \/>\n<link rel=\"canonical\" href=\"https:\/\/palazzoducale.genova.it\/ducale-media\/audiogallery-2019\/\" \/>\n<meta property=\"og:locale\" content=\"en_US\" \/>\n<meta property=\"og:type\" content=\"article\" \/>\n<meta property=\"og:title\" content=\"Audiogallery 2019 -\" \/>\n<meta property=\"og:description\" content=\"Allenatori Sguardi contemporanei sull&#8217;arte del passato L&#8217;economia entra in scena Spazio e Societ\u00e0, Big November 5 Religioni del terzo millennio \u2026come professione Incontri collaterali alla mostra Anni 20 Tra il comico e la satira Cucina d&#8217;epoca Capolavori raccontati Superba bellezza Intorno a Giorgio de Chirico Genova, citt\u00e0 e architettura nel &#8216;900 Libro piccolo La Storia &hellip; Continue\" \/>\n<meta property=\"og:url\" content=\"https:\/\/palazzoducale.genova.it\/ducale-media\/audiogallery-2019\/\" \/>\n<meta property=\"article:modified_time\" content=\"2020-09-24T07:06:54+00:00\" \/>\n<meta name=\"twitter:card\" content=\"summary_large_image\" \/>\n<meta name=\"twitter:label1\" content=\"Est. reading time\" \/>\n\t<meta name=\"twitter:data1\" content=\"14 minutes\" \/>\n<script type=\"application\/ld+json\" class=\"yoast-schema-graph\">{\"@context\":\"https:\/\/schema.org\",\"@graph\":[{\"@type\":\"WebPage\",\"@id\":\"https:\/\/palazzoducale.genova.it\/ducale-media\/audiogallery-2019\/\",\"url\":\"https:\/\/palazzoducale.genova.it\/ducale-media\/audiogallery-2019\/\",\"name\":\"Audiogallery 2019 -\",\"isPartOf\":{\"@id\":\"https:\/\/palazzoducale.genova.it\/#website\"},\"datePublished\":\"2020-02-10T11:02:05+00:00\",\"dateModified\":\"2020-09-24T07:06:54+00:00\",\"breadcrumb\":{\"@id\":\"https:\/\/palazzoducale.genova.it\/ducale-media\/audiogallery-2019\/#breadcrumb\"},\"inLanguage\":\"en-US\",\"potentialAction\":[{\"@type\":\"ReadAction\",\"target\":[\"https:\/\/palazzoducale.genova.it\/ducale-media\/audiogallery-2019\/\"]}]},{\"@type\":\"BreadcrumbList\",\"@id\":\"https:\/\/palazzoducale.genova.it\/ducale-media\/audiogallery-2019\/#breadcrumb\",\"itemListElement\":[{\"@type\":\"ListItem\",\"position\":1,\"name\":\"Home\",\"item\":\"https:\/\/palazzoducale.genova.it\/en\/\"},{\"@type\":\"ListItem\",\"position\":2,\"name\":\"Ducale Media\",\"item\":\"https:\/\/palazzoducale.genova.it\/en\/ducale-media\/\"},{\"@type\":\"ListItem\",\"position\":3,\"name\":\"Audiogallery 2019\"}]},{\"@type\":\"WebSite\",\"@id\":\"https:\/\/palazzoducale.genova.it\/#website\",\"url\":\"https:\/\/palazzoducale.genova.it\/\",\"name\":\"Fondazione Palazzo Ducale\",\"description\":\"\",\"potentialAction\":[{\"@type\":\"SearchAction\",\"target\":{\"@type\":\"EntryPoint\",\"urlTemplate\":\"https:\/\/palazzoducale.genova.it\/?s={search_term_string}\"},\"query-input\":{\"@type\":\"PropertyValueSpecification\",\"valueRequired\":true,\"valueName\":\"search_term_string\"}}],\"inLanguage\":\"en-US\"}]}<\/script>\n<!-- \/ Yoast SEO plugin. -->","yoast_head_json":{"title":"Audiogallery 2019 -","robots":{"index":"index","follow":"follow","max-snippet":"max-snippet:-1","max-image-preview":"max-image-preview:large","max-video-preview":"max-video-preview:-1"},"canonical":"https:\/\/palazzoducale.genova.it\/ducale-media\/audiogallery-2019\/","og_locale":"en_US","og_type":"article","og_title":"Audiogallery 2019 -","og_description":"Allenatori Sguardi contemporanei sull&#8217;arte del passato L&#8217;economia entra in scena Spazio e Societ\u00e0, Big November 5 Religioni del terzo millennio \u2026come professione Incontri collaterali alla mostra Anni 20 Tra il comico e la satira Cucina d&#8217;epoca Capolavori raccontati Superba bellezza Intorno a Giorgio de Chirico Genova, citt\u00e0 e architettura nel &#8216;900 Libro piccolo La Storia &hellip; Continue","og_url":"https:\/\/palazzoducale.genova.it\/ducale-media\/audiogallery-2019\/","article_modified_time":"2020-09-24T07:06:54+00:00","twitter_card":"summary_large_image","twitter_misc":{"Est. reading time":"14 minutes"},"schema":{"@context":"https:\/\/schema.org","@graph":[{"@type":"WebPage","@id":"https:\/\/palazzoducale.genova.it\/ducale-media\/audiogallery-2019\/","url":"https:\/\/palazzoducale.genova.it\/ducale-media\/audiogallery-2019\/","name":"Audiogallery 2019 -","isPartOf":{"@id":"https:\/\/palazzoducale.genova.it\/#website"},"datePublished":"2020-02-10T11:02:05+00:00","dateModified":"2020-09-24T07:06:54+00:00","breadcrumb":{"@id":"https:\/\/palazzoducale.genova.it\/ducale-media\/audiogallery-2019\/#breadcrumb"},"inLanguage":"en-US","potentialAction":[{"@type":"ReadAction","target":["https:\/\/palazzoducale.genova.it\/ducale-media\/audiogallery-2019\/"]}]},{"@type":"BreadcrumbList","@id":"https:\/\/palazzoducale.genova.it\/ducale-media\/audiogallery-2019\/#breadcrumb","itemListElement":[{"@type":"ListItem","position":1,"name":"Home","item":"https:\/\/palazzoducale.genova.it\/en\/"},{"@type":"ListItem","position":2,"name":"Ducale Media","item":"https:\/\/palazzoducale.genova.it\/en\/ducale-media\/"},{"@type":"ListItem","position":3,"name":"Audiogallery 2019"}]},{"@type":"WebSite","@id":"https:\/\/palazzoducale.genova.it\/#website","url":"https:\/\/palazzoducale.genova.it\/","name":"Fondazione Palazzo Ducale","description":"","potentialAction":[{"@type":"SearchAction","target":{"@type":"EntryPoint","urlTemplate":"https:\/\/palazzoducale.genova.it\/?s={search_term_string}"},"query-input":{"@type":"PropertyValueSpecification","valueRequired":true,"valueName":"search_term_string"}}],"inLanguage":"en-US"}]}},"_links":{"self":[{"href":"https:\/\/palazzoducale.genova.it\/en\/wp-json\/wp\/v2\/pages\/5336","targetHints":{"allow":["GET"]}}],"collection":[{"href":"https:\/\/palazzoducale.genova.it\/en\/wp-json\/wp\/v2\/pages"}],"about":[{"href":"https:\/\/palazzoducale.genova.it\/en\/wp-json\/wp\/v2\/types\/page"}],"author":[{"embeddable":true,"href":"https:\/\/palazzoducale.genova.it\/en\/wp-json\/wp\/v2\/users\/2"}],"replies":[{"embeddable":true,"href":"https:\/\/palazzoducale.genova.it\/en\/wp-json\/wp\/v2\/comments?post=5336"}],"version-history":[{"count":0,"href":"https:\/\/palazzoducale.genova.it\/en\/wp-json\/wp\/v2\/pages\/5336\/revisions"}],"up":[{"embeddable":true,"href":"https:\/\/palazzoducale.genova.it\/en\/wp-json\/wp\/v2\/pages\/5419"}],"wp:attachment":[{"href":"https:\/\/palazzoducale.genova.it\/en\/wp-json\/wp\/v2\/media?parent=5336"}],"curies":[{"name":"wp","href":"https:\/\/api.w.org\/{rel}","templated":true}]}}